{"id":3280,"date":"2020-06-17T21:34:06","date_gmt":"2020-06-17T19:34:06","guid":{"rendered":"https:\/\/www.visitcinqueterre.eu\/?page_id=3280"},"modified":"2020-06-23T17:50:24","modified_gmt":"2020-06-23T15:50:24","slug":"covid-19","status":"publish","type":"page","link":"https:\/\/www.visitcinqueterre.eu\/en\/useful-info\/covid-19\/","title":{"rendered":"Covid-19"},"content":{"rendered":"\t\t<div data-elementor-type=\"wp-page\" data-elementor-id=\"3280\" class=\"elementor elementor-3280 elementor-3277\" data-elementor-post-type=\"page\">\n\t\t\t\t\t\t<section class=\"elementor-section elementor-top-section elementor-element elementor-element-25af95c elementor-section-boxed elementor-section-height-default elementor-section-height-default\" data-id=\"25af95c\" data-element_type=\"section\" data-settings=\"{&quot;jet_parallax_layout_list&quot;:[{&quot;jet_parallax_layout_image&quot;:{&quot;url&quot;:&quot;&quot;,&quot;id&quot;:&quot;&quot;,&quot;size&quot;:&quot;&quot;},&quot;_id&quot;:&quot;03ff80f&quot;,&quot;jet_parallax_layout_image_tablet&quot;:{&quot;url&quot;:&quot;&quot;,&quot;id&quot;:&quot;&quot;,&quot;size&quot;:&quot;&quot;},&quot;jet_parallax_layout_image_mobile&quot;:{&quot;url&quot;:&quot;&quot;,&quot;id&quot;:&quot;&quot;,&quot;size&quot;:&quot;&quot;},&quot;jet_parallax_layout_speed&quot;:{&quot;unit&quot;:&quot;%&quot;,&quot;size&quot;:50,&quot;sizes&quot;:[]},&quot;jet_parallax_layout_type&quot;:&quot;scroll&quot;,&quot;jet_parallax_layout_direction&quot;:&quot;1&quot;,&quot;jet_parallax_layout_fx_direction&quot;:null,&quot;jet_parallax_layout_z_index&quot;:&quot;&quot;,&quot;jet_parallax_layout_bg_x&quot;:50,&quot;jet_parallax_layout_bg_y&quot;:50,&quot;jet_parallax_layout_bg_size&quot;:&quot;auto&quot;,&quot;jet_parallax_layout_animation_prop&quot;:&quot;transform&quot;,&quot;jet_parallax_layout_on&quot;:[&quot;desktop&quot;,&quot;tablet&quot;],&quot;jet_parallax_layout_bg_x_tablet&quot;:&quot;&quot;,&quot;jet_parallax_layout_bg_x_mobile&quot;:&quot;&quot;,&quot;jet_parallax_layout_bg_y_tablet&quot;:&quot;&quot;,&quot;jet_parallax_layout_bg_y_mobile&quot;:&quot;&quot;,&quot;jet_parallax_layout_bg_size_tablet&quot;:&quot;&quot;,&quot;jet_parallax_layout_bg_size_mobile&quot;:&quot;&quot;}]}\">\n\t\t\t\t\t\t<div class=\"elementor-container elementor-column-gap-default\">\n\t\t\t\t\t<div class=\"elementor-column elementor-col-16 elementor-top-column elementor-element elementor-element-b5baab2\" data-id=\"b5baab2\" data-element_type=\"column\">\n\t\t\t<div class=\"elementor-widget-wrap\">\n\t\t\t\t\t\t\t<\/div>\n\t\t<\/div>\n\t\t\t\t<div class=\"elementor-column elementor-col-66 elementor-top-column elementor-element elementor-element-8124d46\" data-id=\"8124d46\" data-element_type=\"column\">\n\t\t\t<div class=\"elementor-widget-wrap elementor-element-populated\">\n\t\t\t\t\t\t<div class=\"elementor-element elementor-element-3fa808e0 elementor-widget elementor-widget-text-editor\" data-id=\"3fa808e0\" data-element_type=\"widget\" data-widget_type=\"text-editor.default\">\n\t\t\t\t<div class=\"elementor-widget-container\">\n\t\t\t\t\t\t\t\t\t\n<p>A temporary page to update you on the local situation regarding Covid-19.<\/p>\n\n<h2 class=\"wp-block-heading\">Everyday life in Cinque Terre<\/h2>\n\n<p>The five villages have undertaken phase 2 by adopting all the necessary and indicated measures: social distancing and use of personal protective devices in all environments that involve the presence of several people, from means of transport to commercial, health and social-health establishments.<\/p>\n\n<p>As elsewhere, in public places or indoors, the interpersonal distance must be at least one meter, wearing a mask and resorting to frequent hand hygiene and in any case always entering commercial activities and public places.<\/p>\n\n<h2 class=\"wp-block-heading\">Public transport<\/h2>\n\n<p>Public transport &#8211; <a href=\"https:\/\/www.visitcinqueterre.eu\/getting-here\/getting-to-cinque-terre-by-train\/?lang=en\">trains<\/a> and <a href=\"https:\/\/www.atcesercizio.it\/index.php\/it\/variazioni-al-servizio\/1254-nuovi-orari-per-le-cinque-terre\" target=\"_blank\" rel=\"noreferrer noopener\" data-wplink-edit=\"true\">buses<\/a>\u00a0&#8211; are in service and apply all the rules relating to social distancing and sanitation.<\/p>\n\n<h2 class=\"wp-block-heading\">Beaches<\/h2>\n\n<p>\u00a0The beaches are open and accessible.<\/p>\n\n<p>At least for the month of June, there will be no need to book in advance, but of course, you will have to comply with the rules on social distancing.<br \/>All Saturdays and Sundays beaches will be supervised in both marinas in <strong>Riomaggiore<\/strong> and <strong>Manarola<\/strong>, from 8 a.m. to 7 p.m. and, always on weekends, the <a href=\"https:\/\/spiaggiati.ml\/onboarding\" target=\"_blank\" rel=\"noreferrer noopener\">SpiaggiaTi<\/a> app will be operational, allowing you to check available spots in real-time.<\/p>\n<p>In <strong>Monterosso<\/strong>, in addition to the private equipped beaches, free beaches are also accessible, through the booking system on the <a style=\"background-color: #ffffff;\" href=\"http:\/\/spiaggeliberemonterosso.com\" target=\"_blank\" rel=\"noopener noreferrer\">Pro Loco<\/a> website. Always on their site, you will find useful complementary information and any updates.<\/p>\n<p>In <strong>Vernazza<\/strong> and <strong>Corniglia<\/strong> at the moment there is no special regulation in this regard.<\/p>\n\n<h2 class=\"wp-block-heading\">Hiking and other tourist experiences<\/h2>\n\n<p>Paths are accessible and all the general rules foreseen for this phase must be respected. The <a href=\"http:\/\/test.keepup.pro\/viadellamore\/2020\/06\/12\/cinque-terre-card\/\" target=\"_blank\" rel=\"noopener\">Cinque Terre Card<\/a> was reactivated on June 13th and the Park has resumed guided excursions, requiring a mandatory advance booking via <a href=\"visiteguidate@ati5terre.it\" target=\"_blank\" rel=\"noreferrer noopener\">e-mail<\/a>.<\/p>\n\n<p>All those activities aimed at offering you authentic experiences are also operational: tastings, vineyards tours, boat tours, etc.<\/p>\n\n<h2 class=\"wp-block-heading\">Restaurants, bars and shops<\/h2>\n\n<p>The commercial activities are open, obviously in compliance with current regulations, which we invite you to respect to ensure the best experience for all users of these services and for those who work there.<\/p>\n\n<p>The choice is wide in each village and staying a little longer you can fully enjoy them and deepen for example the knowledge of local delicacies and culinary traditions. It is definitely worth it.<\/p>\n\n<p>\u00a0<\/p>\n\t\t\t\t\t\t\t\t<\/div>\n\t\t\t\t<\/div>\n\t\t\t\t\t<\/div>\n\t\t<\/div>\n\t\t\t\t<div class=\"elementor-column elementor-col-16 elementor-top-column elementor-element elementor-element-ef8d3fb\" data-id=\"ef8d3fb\" data-element_type=\"column\">\n\t\t\t<div class=\"elementor-widget-wrap\">\n\t\t\t\t\t\t\t<\/div>\n\t\t<\/div>\n\t\t\t\t\t<\/div>\n\t\t<\/section>\n\t\t\t\t<\/div>\n\t\t","protected":false},"excerpt":{"rendered":"<p>A temporary page to update you on the local situation regarding Covid-19. Everyday life in Cinque Terre The five villages have undertaken phase 2 by adopting all the necessary and indicated measures: social distancing and use of personal protective devices in all environments that involve the presence of several people, from means of transport to [&hellip;]<\/p>\n","protected":false},"author":2,"featured_media":0,"parent":2680,"menu_order":0,"comment_status":"closed","ping_status":"closed","template":"","meta":{"_acf_changed":false,"footnotes":""},"class_list":["post-3280","page","type-page","status-publish","hentry"],"acf":[],"yoast_head":"<!-- This site is optimized with the Yoast SEO plugin v26.6 - https:\/\/yoast.com\/wordpress\/plugins\/seo\/ -->\n<title>Covid-19, la fase 2 alle Cinque Terre: quotidianit\u00e0 e informazioni utili<\/title>\n<meta name=\"description\" content=\"Covid-19, la fase 2 alle Cinque Terre: quotidianit\u00e0 e informazioni utili in merito a spiagge, trekking, attivit\u00e0 turistiche e commerciali.\" \/>\n<meta name=\"robots\" content=\"index, follow, max-snippet:-1, max-image-preview:large, max-video-preview:-1\" \/>\n<link rel=\"canonical\" href=\"https:\/\/www.visitcinqueterre.eu\/en\/useful-info\/covid-19\/\" \/>\n<meta property=\"og:locale\" content=\"en_US\" \/>\n<meta property=\"og:type\" content=\"article\" \/>\n<meta property=\"og:title\" content=\"Covid-19, la fase 2 alle Cinque Terre\" \/>\n<meta property=\"og:description\" content=\"Covid-19, la fase 2 alle Cinque Terre: quotidianit\u00e0 e informazioni utili in merito a spiagge, trekking, attivit\u00e0 turistiche e commerciali.\" \/>\n<meta property=\"og:url\" content=\"https:\/\/www.visitcinqueterre.eu\/en\/useful-info\/covid-19\/\" \/>\n<meta property=\"og:site_name\" content=\"Visit Cinque Terre\" \/>\n<meta property=\"article:modified_time\" content=\"2020-06-23T15:50:24+00:00\" \/>\n<meta property=\"og:image\" content=\"https:\/\/www.visitcinqueterre.eu\/wp-content\/uploads\/2020\/06\/covid-19.png\" \/>\n\t<meta property=\"og:image:width\" content=\"200\" \/>\n\t<meta property=\"og:image:height\" content=\"200\" \/>\n\t<meta property=\"og:image:type\" content=\"image\/png\" \/>\n<meta name=\"twitter:card\" content=\"summary_large_image\" \/>\n<meta name=\"twitter:title\" content=\"Covid-19, la fase 2 alle Cinque Terre\" \/>\n<meta name=\"twitter:description\" content=\"Covid-19, la fase 2 alle Cinque Terre: quotidianit\u00e0 e informazioni utili in merito a spiagge, trekking, attivit\u00e0 turistiche e commerciali.\" \/>\n<meta name=\"twitter:image\" content=\"https:\/\/www.visitcinqueterre.eu\/wp-content\/uploads\/2020\/06\/covid-19.png\" \/>\n<meta name=\"twitter:label1\" content=\"Est. reading time\" \/>\n\t<meta name=\"twitter:data1\" content=\"2 minutes\" \/>\n<script type=\"application\/ld+json\" class=\"yoast-schema-graph\">{\"@context\":\"https:\/\/schema.org\",\"@graph\":[{\"@type\":\"WebPage\",\"@id\":\"https:\/\/www.visitcinqueterre.eu\/en\/useful-info\/covid-19\/\",\"url\":\"https:\/\/www.visitcinqueterre.eu\/en\/useful-info\/covid-19\/\",\"name\":\"Covid-19, la fase 2 alle Cinque Terre: quotidianit\u00e0 e informazioni utili\",\"isPartOf\":{\"@id\":\"https:\/\/www.visitcinqueterre.eu\/en\/#website\"},\"datePublished\":\"2020-06-17T19:34:06+00:00\",\"dateModified\":\"2020-06-23T15:50:24+00:00\",\"description\":\"Covid-19, la fase 2 alle Cinque Terre: quotidianit\u00e0 e informazioni utili in merito a spiagge, trekking, attivit\u00e0 turistiche e commerciali.\",\"breadcrumb\":{\"@id\":\"https:\/\/www.visitcinqueterre.eu\/en\/useful-info\/covid-19\/#breadcrumb\"},\"inLanguage\":\"en-US\",\"potentialAction\":[{\"@type\":\"ReadAction\",\"target\":[\"https:\/\/www.visitcinqueterre.eu\/en\/useful-info\/covid-19\/\"]}]},{\"@type\":\"BreadcrumbList\",\"@id\":\"https:\/\/www.visitcinqueterre.eu\/en\/useful-info\/covid-19\/#breadcrumb\",\"itemListElement\":[{\"@type\":\"ListItem\",\"position\":1,\"name\":\"Home\",\"item\":\"https:\/\/www.visitcinqueterre.eu\/en\/\"},{\"@type\":\"ListItem\",\"position\":2,\"name\":\"Useful info\",\"item\":\"https:\/\/www.visitcinqueterre.eu\/en\/useful-info\/\"},{\"@type\":\"ListItem\",\"position\":3,\"name\":\"Covid-19\"}]},{\"@type\":\"WebSite\",\"@id\":\"https:\/\/www.visitcinqueterre.eu\/en\/#website\",\"url\":\"https:\/\/www.visitcinqueterre.eu\/en\/\",\"name\":\"Visit Cinque Terre\",\"description\":\"Portale turistico delle Cinque Terre\",\"potentialAction\":[{\"@type\":\"SearchAction\",\"target\":{\"@type\":\"EntryPoint\",\"urlTemplate\":\"https:\/\/www.visitcinqueterre.eu\/en\/?s={search_term_string}\"},\"query-input\":{\"@type\":\"PropertyValueSpecification\",\"valueRequired\":true,\"valueName\":\"search_term_string\"}}],\"inLanguage\":\"en-US\"}]}<\/script>\n<!-- \/ Yoast SEO plugin. -->","yoast_head_json":{"title":"Covid-19, la fase 2 alle Cinque Terre: quotidianit\u00e0 e informazioni utili","description":"Covid-19, la fase 2 alle Cinque Terre: quotidianit\u00e0 e informazioni utili in merito a spiagge, trekking, attivit\u00e0 turistiche e commerciali.","robots":{"index":"index","follow":"follow","max-snippet":"max-snippet:-1","max-image-preview":"max-image-preview:large","max-video-preview":"max-video-preview:-1"},"canonical":"https:\/\/www.visitcinqueterre.eu\/en\/useful-info\/covid-19\/","og_locale":"en_US","og_type":"article","og_title":"Covid-19, la fase 2 alle Cinque Terre","og_description":"Covid-19, la fase 2 alle Cinque Terre: quotidianit\u00e0 e informazioni utili in merito a spiagge, trekking, attivit\u00e0 turistiche e commerciali.","og_url":"https:\/\/www.visitcinqueterre.eu\/en\/useful-info\/covid-19\/","og_site_name":"Visit Cinque Terre","article_modified_time":"2020-06-23T15:50:24+00:00","og_image":[{"width":200,"height":200,"url":"https:\/\/www.visitcinqueterre.eu\/wp-content\/uploads\/2020\/06\/covid-19.png","type":"image\/png"}],"twitter_card":"summary_large_image","twitter_title":"Covid-19, la fase 2 alle Cinque Terre","twitter_description":"Covid-19, la fase 2 alle Cinque Terre: quotidianit\u00e0 e informazioni utili in merito a spiagge, trekking, attivit\u00e0 turistiche e commerciali.","twitter_image":"https:\/\/www.visitcinqueterre.eu\/wp-content\/uploads\/2020\/06\/covid-19.png","twitter_misc":{"Est. reading time":"2 minutes"},"schema":{"@context":"https:\/\/schema.org","@graph":[{"@type":"WebPage","@id":"https:\/\/www.visitcinqueterre.eu\/en\/useful-info\/covid-19\/","url":"https:\/\/www.visitcinqueterre.eu\/en\/useful-info\/covid-19\/","name":"Covid-19, la fase 2 alle Cinque Terre: quotidianit\u00e0 e informazioni utili","isPartOf":{"@id":"https:\/\/www.visitcinqueterre.eu\/en\/#website"},"datePublished":"2020-06-17T19:34:06+00:00","dateModified":"2020-06-23T15:50:24+00:00","description":"Covid-19, la fase 2 alle Cinque Terre: quotidianit\u00e0 e informazioni utili in merito a spiagge, trekking, attivit\u00e0 turistiche e commerciali.","breadcrumb":{"@id":"https:\/\/www.visitcinqueterre.eu\/en\/useful-info\/covid-19\/#breadcrumb"},"inLanguage":"en-US","potentialAction":[{"@type":"ReadAction","target":["https:\/\/www.visitcinqueterre.eu\/en\/useful-info\/covid-19\/"]}]},{"@type":"BreadcrumbList","@id":"https:\/\/www.visitcinqueterre.eu\/en\/useful-info\/covid-19\/#breadcrumb","itemListElement":[{"@type":"ListItem","position":1,"name":"Home","item":"https:\/\/www.visitcinqueterre.eu\/en\/"},{"@type":"ListItem","position":2,"name":"Useful info","item":"https:\/\/www.visitcinqueterre.eu\/en\/useful-info\/"},{"@type":"ListItem","position":3,"name":"Covid-19"}]},{"@type":"WebSite","@id":"https:\/\/www.visitcinqueterre.eu\/en\/#website","url":"https:\/\/www.visitcinqueterre.eu\/en\/","name":"Visit Cinque Terre","description":"Portale turistico delle Cinque Terre","potentialAction":[{"@type":"SearchAction","target":{"@type":"EntryPoint","urlTemplate":"https:\/\/www.visitcinqueterre.eu\/en\/?s={search_term_string}"},"query-input":{"@type":"PropertyValueSpecification","valueRequired":true,"valueName":"search_term_string"}}],"inLanguage":"en-US"}]}},"_links":{"self":[{"href":"https:\/\/www.visitcinqueterre.eu\/en\/wp-json\/wp\/v2\/pages\/3280","targetHints":{"allow":["GET"]}}],"collection":[{"href":"https:\/\/www.visitcinqueterre.eu\/en\/wp-json\/wp\/v2\/pages"}],"about":[{"href":"https:\/\/www.visitcinqueterre.eu\/en\/wp-json\/wp\/v2\/types\/page"}],"author":[{"embeddable":true,"href":"https:\/\/www.visitcinqueterre.eu\/en\/wp-json\/wp\/v2\/users\/2"}],"replies":[{"embeddable":true,"href":"https:\/\/www.visitcinqueterre.eu\/en\/wp-json\/wp\/v2\/comments?post=3280"}],"version-history":[{"count":5,"href":"https:\/\/www.visitcinqueterre.eu\/en\/wp-json\/wp\/v2\/pages\/3280\/revisions"}],"predecessor-version":[{"id":3697,"href":"https:\/\/www.visitcinqueterre.eu\/en\/wp-json\/wp\/v2\/pages\/3280\/revisions\/3697"}],"up":[{"embeddable":true,"href":"https:\/\/www.visitcinqueterre.eu\/en\/wp-json\/wp\/v2\/pages\/2680"}],"wp:attachment":[{"href":"https:\/\/www.visitcinqueterre.eu\/en\/wp-json\/wp\/v2\/media?parent=3280"}],"curies":[{"name":"wp","href":"https:\/\/api.w.org\/{rel}","templated":true}]}}