{"id":1840,"date":"2020-06-12T16:59:32","date_gmt":"2020-06-12T14:59:32","guid":{"rendered":"https:\/\/www.visitcinqueterre.eu\/?page_id=1840"},"modified":"2020-07-01T15:11:17","modified_gmt":"2020-07-01T13:11:17","slug":"alertes-meteo-dans-les-cinque-terre","status":"publish","type":"page","link":"https:\/\/www.visitcinqueterre.eu\/fr\/informations-utiles\/alertes-meteo-dans-les-cinque-terre\/","title":{"rendered":"Alertes m\u00e9t\u00e9o dans les Cinque Terre"},"content":{"rendered":"\t\t<div data-elementor-type=\"wp-page\" data-elementor-id=\"1840\" class=\"elementor elementor-1840 elementor-1836\" data-elementor-post-type=\"page\">\n\t\t\t\t\t\t<section class=\"elementor-section elementor-top-section elementor-element elementor-element-9110db6 elementor-section-boxed elementor-section-height-default elementor-section-height-default\" data-id=\"9110db6\" data-element_type=\"section\" data-settings=\"{&quot;jet_parallax_layout_list&quot;:[{&quot;jet_parallax_layout_image&quot;:{&quot;url&quot;:&quot;&quot;,&quot;id&quot;:&quot;&quot;,&quot;size&quot;:&quot;&quot;},&quot;_id&quot;:&quot;68c651f&quot;,&quot;jet_parallax_layout_image_tablet&quot;:{&quot;url&quot;:&quot;&quot;,&quot;id&quot;:&quot;&quot;,&quot;size&quot;:&quot;&quot;},&quot;jet_parallax_layout_image_mobile&quot;:{&quot;url&quot;:&quot;&quot;,&quot;id&quot;:&quot;&quot;,&quot;size&quot;:&quot;&quot;},&quot;jet_parallax_layout_speed&quot;:{&quot;unit&quot;:&quot;%&quot;,&quot;size&quot;:50,&quot;sizes&quot;:[]},&quot;jet_parallax_layout_type&quot;:&quot;scroll&quot;,&quot;jet_parallax_layout_direction&quot;:&quot;1&quot;,&quot;jet_parallax_layout_fx_direction&quot;:null,&quot;jet_parallax_layout_z_index&quot;:&quot;&quot;,&quot;jet_parallax_layout_bg_x&quot;:50,&quot;jet_parallax_layout_bg_y&quot;:50,&quot;jet_parallax_layout_bg_size&quot;:&quot;auto&quot;,&quot;jet_parallax_layout_animation_prop&quot;:&quot;transform&quot;,&quot;jet_parallax_layout_on&quot;:[&quot;desktop&quot;,&quot;tablet&quot;],&quot;jet_parallax_layout_bg_x_tablet&quot;:&quot;&quot;,&quot;jet_parallax_layout_bg_x_mobile&quot;:&quot;&quot;,&quot;jet_parallax_layout_bg_y_tablet&quot;:&quot;&quot;,&quot;jet_parallax_layout_bg_y_mobile&quot;:&quot;&quot;,&quot;jet_parallax_layout_bg_size_tablet&quot;:&quot;&quot;,&quot;jet_parallax_layout_bg_size_mobile&quot;:&quot;&quot;}]}\">\n\t\t\t\t\t\t<div class=\"elementor-container elementor-column-gap-default\">\n\t\t\t\t\t<div class=\"elementor-column elementor-col-16 elementor-top-column elementor-element elementor-element-d75fcc5\" data-id=\"d75fcc5\" data-element_type=\"column\">\n\t\t\t<div class=\"elementor-widget-wrap\">\n\t\t\t\t\t\t\t<\/div>\n\t\t<\/div>\n\t\t\t\t<div class=\"elementor-column elementor-col-66 elementor-top-column elementor-element elementor-element-0350157\" data-id=\"0350157\" data-element_type=\"column\">\n\t\t\t<div class=\"elementor-widget-wrap elementor-element-populated\">\n\t\t\t\t\t\t<div class=\"elementor-element elementor-element-239a7cda elementor-widget elementor-widget-text-editor\" data-id=\"239a7cda\" data-element_type=\"widget\" data-widget_type=\"text-editor.default\">\n\t\t\t\t<div class=\"elementor-widget-container\">\n\t\t\t\t\t\t\t\t\t<p><\/p>\n<p>Les alertes m\u00e9t\u00e9o dans les Cinque Terre sont fr\u00e9quentes en automne et doivent \u00eatre prises au s\u00e9rieux, m\u00eame si elles impliquent des mesures de s\u00e9curit\u00e9 d\u00e9sagr\u00e9ables en vacances et si souvent, heureusement, le temps s&rsquo;av\u00e8re bien meilleur que pr\u00e9vu.<\/p>\n<p><\/p>\n<p><\/p>\n<p>Le 25 octobre 2011, en quelques heures d\u00e9vastatrices, une partie de la Val di Vara et les villages de <a href=\"https:\/\/www.visitcinqueterre.eu\/fr\/2020\/06\/10\/vernazza-storia-e-monumenti\/\" target=\"_blank\" rel=\"noopener\">Vernazza<\/a> et <a href=\"https:\/\/www.visitcinqueterre.eu\/fr\/2020\/06\/09\/monterosso-storia-e-monumenti\/\" target=\"_blank\" rel=\"noopener\">Monterosso<\/a> ont connu des heures tragiques, les villages ont \u00e9t\u00e9 submerg\u00e9s de boue, les voies de communication internes d\u00e9truites et des vies d\u00e9chir\u00e9es. Les signes sont toujours visibles.<\/p>\n<p><\/p>\n<p><\/p>\n<p>De plus, le climat change et les pluies d&rsquo;automne peuvent d\u00e9sormais \u00eatre extr\u00eamement violentes. Trop pour notre territoire.<\/p>\n<p><\/p>\n<p><\/p>\n<p>En cas d&rsquo;alerte m\u00e9t\u00e9o, le service de <a href=\"https:\/\/www.visitcinqueterre.eu\/fr\/arriver\/arriver-en-bateau\/\" target=\"_blank\" rel=\"noopener\">bateaux<\/a> est suspendu, tout comme la vente de la <strong>\u00a0<a href=\"https:\/\/www.visitcinqueterre.eu\/fr\/2020\/06\/12\/cinque-terre-card\/\">Cinque Terre Card<\/a><\/strong>. L&rsquo;acc\u00e8s aux sentiers du <strong><a href=\"http:\/\/www.parconazionale5terre.it\/sentieri-outdoor.php\" target=\"_blank\" rel=\"noreferrer noopener\">Parco Nazionale delle Cinque Terre<\/a><\/strong> est interdit et nous vous d\u00e9conseillons fortement de randonner sur tout autre chemin.<\/p>\n<p><\/p>\n<p><\/p>\n<p>Chaque administration municipale suit ensuite sa propre r\u00e9glementation et applique des plans d&rsquo;auto-protection sp\u00e9cifiques.<\/p>\n<p><\/p>\n<p><\/p>\n<h2 class=\"wp-block-heading\">Alerte m\u00e9t\u00e9o dans la municipalit\u00e9 de Riomaggiore<\/h2>\n<p><\/p>\n<p><\/p>\n<p>La municipalit\u00e9 de Riomaggiore a depuis longtemps adopt\u00e9 sa r\u00e9glementation en cas d&rsquo;alerte, avec des mesures d&rsquo;auto-protection sp\u00e9cifiques pour les villages de Riomaggiore, Manarola et Volastra. Ces normes sont le r\u00e9sultat de l&rsquo;\u00e9tude de techniciens sp\u00e9cialis\u00e9s qui ont sp\u00e9cialement \u00e9labor\u00e9 ces plans individuels.<\/p>\n<p><div id='gallery-1' class='gallery galleryid-1840 gallery-columns-2 gallery-size-large'><figure class='gallery-item'>\n\t\t\t<div class='gallery-icon landscape'>\n\t\t\t\t<img fetchpriority=\"high\" decoding=\"async\" width=\"1024\" height=\"724\" src=\"https:\/\/www.visitcinqueterre.eu\/wp-content\/uploads\/2020\/06\/misure-di-autoprotezione-comune-di-Riomaggiore-1024x724.jpg\" class=\"attachment-large size-large\" alt=\"Alertes m\u00e9t\u00e9o dans les Cinque Terre: informations et r\u00e8glements municipaux\" srcset=\"https:\/\/www.visitcinqueterre.eu\/wp-content\/uploads\/2020\/06\/misure-di-autoprotezione-comune-di-Riomaggiore-1024x724.jpg 1024w, https:\/\/www.visitcinqueterre.eu\/wp-content\/uploads\/2020\/06\/misure-di-autoprotezione-comune-di-Riomaggiore-300x212.jpg 300w, https:\/\/www.visitcinqueterre.eu\/wp-content\/uploads\/2020\/06\/misure-di-autoprotezione-comune-di-Riomaggiore-768x543.jpg 768w, https:\/\/www.visitcinqueterre.eu\/wp-content\/uploads\/2020\/06\/misure-di-autoprotezione-comune-di-Riomaggiore-1536x1086.jpg 1536w, https:\/\/www.visitcinqueterre.eu\/wp-content\/uploads\/2020\/06\/misure-di-autoprotezione-comune-di-Riomaggiore-2048x1448.jpg 2048w\" sizes=\"(max-width: 1024px) 100vw, 1024px\" \/>\n\t\t\t<\/div><\/figure><figure class='gallery-item'>\n\t\t\t<div class='gallery-icon landscape'>\n\t\t\t\t<img decoding=\"async\" width=\"1024\" height=\"724\" src=\"https:\/\/www.visitcinqueterre.eu\/wp-content\/uploads\/2020\/06\/norme-di-autoprotezione-comune-di-Riomaggiore-1024x724.jpg\" class=\"attachment-large size-large\" alt=\"Alertes m\u00e9t\u00e9o dans les Cinque Terre: informations et r\u00e8glements municipaux\" srcset=\"https:\/\/www.visitcinqueterre.eu\/wp-content\/uploads\/2020\/06\/norme-di-autoprotezione-comune-di-Riomaggiore-1024x724.jpg 1024w, https:\/\/www.visitcinqueterre.eu\/wp-content\/uploads\/2020\/06\/norme-di-autoprotezione-comune-di-Riomaggiore-300x212.jpg 300w, https:\/\/www.visitcinqueterre.eu\/wp-content\/uploads\/2020\/06\/norme-di-autoprotezione-comune-di-Riomaggiore-768x543.jpg 768w, https:\/\/www.visitcinqueterre.eu\/wp-content\/uploads\/2020\/06\/norme-di-autoprotezione-comune-di-Riomaggiore-1536x1086.jpg 1536w, https:\/\/www.visitcinqueterre.eu\/wp-content\/uploads\/2020\/06\/norme-di-autoprotezione-comune-di-Riomaggiore-2048x1448.jpg 2048w\" sizes=\"(max-width: 1024px) 100vw, 1024px\" \/>\n\t\t\t<\/div><\/figure>\n\t\t<\/div>\n<\/p>\n<p><\/p>\n<p><\/p>\n<p>Pour v\u00e9rifier la situation en temps r\u00e9el, vous pouvez \u00e9galement consulter le <a href=\"https:\/\/allertaliguria.regione.liguria.it\" target=\"_blank\" rel=\"noreferrer noopener\">site officiel\u00a0 de la R\u00e9gion Ligurie<\/a>.<\/p>\n<p><\/p>\n\t\t\t\t\t\t\t\t<\/div>\n\t\t\t\t<\/div>\n\t\t\t\t\t<\/div>\n\t\t<\/div>\n\t\t\t\t<div class=\"elementor-column elementor-col-16 elementor-top-column elementor-element elementor-element-ee77d47\" data-id=\"ee77d47\" data-element_type=\"column\">\n\t\t\t<div class=\"elementor-widget-wrap\">\n\t\t\t\t\t\t\t<\/div>\n\t\t<\/div>\n\t\t\t\t\t<\/div>\n\t\t<\/section>\n\t\t\t\t<\/div>\n\t\t","protected":false},"excerpt":{"rendered":"<p>Les alertes m\u00e9t\u00e9o dans les Cinque Terre sont fr\u00e9quentes en automne et doivent \u00eatre prises au s\u00e9rieux, m\u00eame si elles impliquent des mesures de s\u00e9curit\u00e9 d\u00e9sagr\u00e9ables en vacances et si souvent, heureusement, le temps s&rsquo;av\u00e8re bien meilleur que pr\u00e9vu. Le 25 octobre 2011, en quelques heures d\u00e9vastatrices, une partie de la Val di Vara et [&hellip;]<\/p>\n","protected":false},"author":2,"featured_media":0,"parent":2682,"menu_order":0,"comment_status":"closed","ping_status":"closed","template":"","meta":{"_acf_changed":false,"footnotes":""},"class_list":["post-1840","page","type-page","status-publish","hentry"],"acf":[],"yoast_head":"<!-- This site is optimized with the Yoast SEO plugin v26.6 - https:\/\/yoast.com\/wordpress\/plugins\/seo\/ -->\n<title>Alertes m\u00e9t\u00e9o dans les Cinque Terre: informations et r\u00e8glements municipaux<\/title>\n<meta name=\"description\" content=\"Les alertes m\u00e9t\u00e9o dans les Cinque Terre sont fr\u00e9quentes en automne et doivent \u00eatre prises au s\u00e9rieux.\" \/>\n<meta name=\"robots\" content=\"index, follow, max-snippet:-1, max-image-preview:large, max-video-preview:-1\" \/>\n<link rel=\"canonical\" href=\"https:\/\/www.visitcinqueterre.eu\/fr\/informations-utiles\/alertes-meteo-dans-les-cinque-terre\/\" \/>\n<meta property=\"og:locale\" content=\"fr_FR\" \/>\n<meta property=\"og:type\" content=\"article\" \/>\n<meta property=\"og:title\" content=\"Alertes m\u00e9t\u00e9o dans les Cinque Terre\" \/>\n<meta property=\"og:description\" content=\"Les alertes m\u00e9t\u00e9o dans les Cinque Terre sont fr\u00e9quentes en automne et doivent \u00eatre prises au s\u00e9rieux, m\u00eame si elles impliquent des mesures de s\u00e9curit\u00e9 d\u00e9sagr\u00e9ables en vacances et si souvent, heureusement, le temps s&#039;av\u00e8re bien meilleur que pr\u00e9vu.\" \/>\n<meta property=\"og:url\" content=\"https:\/\/www.visitcinqueterre.eu\/fr\/informations-utiles\/alertes-meteo-dans-les-cinque-terre\/\" \/>\n<meta property=\"og:site_name\" content=\"Visit Cinque Terre\" \/>\n<meta property=\"article:modified_time\" content=\"2020-07-01T13:11:17+00:00\" \/>\n<meta property=\"og:image\" content=\"https:\/\/www.visitcinqueterre.eu\/wp-content\/uploads\/2020\/06\/A6F4924E-CF2C-46E1-AC6D-747E77CAC12C-scaled.jpeg\" \/>\n<meta name=\"twitter:card\" content=\"summary_large_image\" \/>\n<meta name=\"twitter:title\" content=\"Alertes m\u00e9t\u00e9o dans les Cinque Terre\" \/>\n<meta name=\"twitter:description\" content=\"Les alertes m\u00e9t\u00e9o dans les Cinque Terre sont fr\u00e9quentes en automne et doivent \u00eatre prises au s\u00e9rieux, m\u00eame si elles impliquent des mesures de s\u00e9curit\u00e9 d\u00e9sagr\u00e9ables en vacances et si souvent, heureusement, le temps s&#039;av\u00e8re bien meilleur que pr\u00e9vu.\" \/>\n<meta name=\"twitter:image\" content=\"https:\/\/www.visitcinqueterre.eu\/wp-content\/uploads\/2020\/06\/A6F4924E-CF2C-46E1-AC6D-747E77CAC12C-scaled.jpeg\" \/>\n<meta name=\"twitter:label1\" content=\"Dur\u00e9e de lecture estim\u00e9e\" \/>\n\t<meta name=\"twitter:data1\" content=\"1 minute\" \/>\n<script type=\"application\/ld+json\" class=\"yoast-schema-graph\">{\"@context\":\"https:\/\/schema.org\",\"@graph\":[{\"@type\":\"WebPage\",\"@id\":\"https:\/\/www.visitcinqueterre.eu\/fr\/informations-utiles\/alertes-meteo-dans-les-cinque-terre\/\",\"url\":\"https:\/\/www.visitcinqueterre.eu\/fr\/informations-utiles\/alertes-meteo-dans-les-cinque-terre\/\",\"name\":\"Alertes m\u00e9t\u00e9o dans les Cinque Terre: informations et r\u00e8glements municipaux\",\"isPartOf\":{\"@id\":\"https:\/\/www.visitcinqueterre.eu\/fr\/#website\"},\"datePublished\":\"2020-06-12T14:59:32+00:00\",\"dateModified\":\"2020-07-01T13:11:17+00:00\",\"description\":\"Les alertes m\u00e9t\u00e9o dans les Cinque Terre sont fr\u00e9quentes en automne et doivent \u00eatre prises au s\u00e9rieux.\",\"breadcrumb\":{\"@id\":\"https:\/\/www.visitcinqueterre.eu\/fr\/informations-utiles\/alertes-meteo-dans-les-cinque-terre\/#breadcrumb\"},\"inLanguage\":\"fr-FR\",\"potentialAction\":[{\"@type\":\"ReadAction\",\"target\":[\"https:\/\/www.visitcinqueterre.eu\/fr\/informations-utiles\/alertes-meteo-dans-les-cinque-terre\/\"]}]},{\"@type\":\"BreadcrumbList\",\"@id\":\"https:\/\/www.visitcinqueterre.eu\/fr\/informations-utiles\/alertes-meteo-dans-les-cinque-terre\/#breadcrumb\",\"itemListElement\":[{\"@type\":\"ListItem\",\"position\":1,\"name\":\"Home\",\"item\":\"https:\/\/www.visitcinqueterre.eu\/fr\/\"},{\"@type\":\"ListItem\",\"position\":2,\"name\":\"Informations utiles\",\"item\":\"https:\/\/www.visitcinqueterre.eu\/fr\/informations-utiles\/\"},{\"@type\":\"ListItem\",\"position\":3,\"name\":\"Alertes m\u00e9t\u00e9o dans les Cinque Terre\"}]},{\"@type\":\"WebSite\",\"@id\":\"https:\/\/www.visitcinqueterre.eu\/fr\/#website\",\"url\":\"https:\/\/www.visitcinqueterre.eu\/fr\/\",\"name\":\"Visit Cinque Terre\",\"description\":\"Portale turistico delle Cinque Terre\",\"potentialAction\":[{\"@type\":\"SearchAction\",\"target\":{\"@type\":\"EntryPoint\",\"urlTemplate\":\"https:\/\/www.visitcinqueterre.eu\/fr\/?s={search_term_string}\"},\"query-input\":{\"@type\":\"PropertyValueSpecification\",\"valueRequired\":true,\"valueName\":\"search_term_string\"}}],\"inLanguage\":\"fr-FR\"}]}<\/script>\n<!-- \/ Yoast SEO plugin. -->","yoast_head_json":{"title":"Alertes m\u00e9t\u00e9o dans les Cinque Terre: informations et r\u00e8glements municipaux","description":"Les alertes m\u00e9t\u00e9o dans les Cinque Terre sont fr\u00e9quentes en automne et doivent \u00eatre prises au s\u00e9rieux.","robots":{"index":"index","follow":"follow","max-snippet":"max-snippet:-1","max-image-preview":"max-image-preview:large","max-video-preview":"max-video-preview:-1"},"canonical":"https:\/\/www.visitcinqueterre.eu\/fr\/informations-utiles\/alertes-meteo-dans-les-cinque-terre\/","og_locale":"fr_FR","og_type":"article","og_title":"Alertes m\u00e9t\u00e9o dans les Cinque Terre","og_description":"Les alertes m\u00e9t\u00e9o dans les Cinque Terre sont fr\u00e9quentes en automne et doivent \u00eatre prises au s\u00e9rieux, m\u00eame si elles impliquent des mesures de s\u00e9curit\u00e9 d\u00e9sagr\u00e9ables en vacances et si souvent, heureusement, le temps s'av\u00e8re bien meilleur que pr\u00e9vu.","og_url":"https:\/\/www.visitcinqueterre.eu\/fr\/informations-utiles\/alertes-meteo-dans-les-cinque-terre\/","og_site_name":"Visit Cinque Terre","article_modified_time":"2020-07-01T13:11:17+00:00","og_image":[{"url":"https:\/\/www.visitcinqueterre.eu\/wp-content\/uploads\/2020\/06\/A6F4924E-CF2C-46E1-AC6D-747E77CAC12C-scaled.jpeg","type":"","width":"","height":""}],"twitter_card":"summary_large_image","twitter_title":"Alertes m\u00e9t\u00e9o dans les Cinque Terre","twitter_description":"Les alertes m\u00e9t\u00e9o dans les Cinque Terre sont fr\u00e9quentes en automne et doivent \u00eatre prises au s\u00e9rieux, m\u00eame si elles impliquent des mesures de s\u00e9curit\u00e9 d\u00e9sagr\u00e9ables en vacances et si souvent, heureusement, le temps s'av\u00e8re bien meilleur que pr\u00e9vu.","twitter_image":"https:\/\/www.visitcinqueterre.eu\/wp-content\/uploads\/2020\/06\/A6F4924E-CF2C-46E1-AC6D-747E77CAC12C-scaled.jpeg","twitter_misc":{"Dur\u00e9e de lecture estim\u00e9e":"1 minute"},"schema":{"@context":"https:\/\/schema.org","@graph":[{"@type":"WebPage","@id":"https:\/\/www.visitcinqueterre.eu\/fr\/informations-utiles\/alertes-meteo-dans-les-cinque-terre\/","url":"https:\/\/www.visitcinqueterre.eu\/fr\/informations-utiles\/alertes-meteo-dans-les-cinque-terre\/","name":"Alertes m\u00e9t\u00e9o dans les Cinque Terre: informations et r\u00e8glements municipaux","isPartOf":{"@id":"https:\/\/www.visitcinqueterre.eu\/fr\/#website"},"datePublished":"2020-06-12T14:59:32+00:00","dateModified":"2020-07-01T13:11:17+00:00","description":"Les alertes m\u00e9t\u00e9o dans les Cinque Terre sont fr\u00e9quentes en automne et doivent \u00eatre prises au s\u00e9rieux.","breadcrumb":{"@id":"https:\/\/www.visitcinqueterre.eu\/fr\/informations-utiles\/alertes-meteo-dans-les-cinque-terre\/#breadcrumb"},"inLanguage":"fr-FR","potentialAction":[{"@type":"ReadAction","target":["https:\/\/www.visitcinqueterre.eu\/fr\/informations-utiles\/alertes-meteo-dans-les-cinque-terre\/"]}]},{"@type":"BreadcrumbList","@id":"https:\/\/www.visitcinqueterre.eu\/fr\/informations-utiles\/alertes-meteo-dans-les-cinque-terre\/#breadcrumb","itemListElement":[{"@type":"ListItem","position":1,"name":"Home","item":"https:\/\/www.visitcinqueterre.eu\/fr\/"},{"@type":"ListItem","position":2,"name":"Informations utiles","item":"https:\/\/www.visitcinqueterre.eu\/fr\/informations-utiles\/"},{"@type":"ListItem","position":3,"name":"Alertes m\u00e9t\u00e9o dans les Cinque Terre"}]},{"@type":"WebSite","@id":"https:\/\/www.visitcinqueterre.eu\/fr\/#website","url":"https:\/\/www.visitcinqueterre.eu\/fr\/","name":"Visit Cinque Terre","description":"Portale turistico delle Cinque Terre","potentialAction":[{"@type":"SearchAction","target":{"@type":"EntryPoint","urlTemplate":"https:\/\/www.visitcinqueterre.eu\/fr\/?s={search_term_string}"},"query-input":{"@type":"PropertyValueSpecification","valueRequired":true,"valueName":"search_term_string"}}],"inLanguage":"fr-FR"}]}},"_links":{"self":[{"href":"https:\/\/www.visitcinqueterre.eu\/fr\/wp-json\/wp\/v2\/pages\/1840","targetHints":{"allow":["GET"]}}],"collection":[{"href":"https:\/\/www.visitcinqueterre.eu\/fr\/wp-json\/wp\/v2\/pages"}],"about":[{"href":"https:\/\/www.visitcinqueterre.eu\/fr\/wp-json\/wp\/v2\/types\/page"}],"author":[{"embeddable":true,"href":"https:\/\/www.visitcinqueterre.eu\/fr\/wp-json\/wp\/v2\/users\/2"}],"replies":[{"embeddable":true,"href":"https:\/\/www.visitcinqueterre.eu\/fr\/wp-json\/wp\/v2\/comments?post=1840"}],"version-history":[{"count":14,"href":"https:\/\/www.visitcinqueterre.eu\/fr\/wp-json\/wp\/v2\/pages\/1840\/revisions"}],"predecessor-version":[{"id":3838,"href":"https:\/\/www.visitcinqueterre.eu\/fr\/wp-json\/wp\/v2\/pages\/1840\/revisions\/3838"}],"up":[{"embeddable":true,"href":"https:\/\/www.visitcinqueterre.eu\/fr\/wp-json\/wp\/v2\/pages\/2682"}],"wp:attachment":[{"href":"https:\/\/www.visitcinqueterre.eu\/fr\/wp-json\/wp\/v2\/media?parent=1840"}],"curies":[{"name":"wp","href":"https:\/\/api.w.org\/{rel}","templated":true}]}}