{"id":2777,"date":"2020-06-13T16:05:33","date_gmt":"2020-06-13T14:05:33","guid":{"rendered":"https:\/\/www.visitcinqueterre.eu\/vivre\/"},"modified":"2020-07-16T11:04:33","modified_gmt":"2020-07-16T09:04:33","slug":"vivre","status":"publish","type":"page","link":"https:\/\/www.visitcinqueterre.eu\/fr\/vivre\/","title":{"rendered":"Vivre"},"content":{"rendered":"\t\t<div data-elementor-type=\"wp-post\" data-elementor-id=\"2777\" class=\"elementor elementor-2777 elementor-725\" data-elementor-post-type=\"page\">\n\t\t\t\t\t\t<section class=\"elementor-section elementor-top-section elementor-element elementor-element-51c6fc3 elementor-section-height-min-height elementor-section-stretched elementor-section-boxed elementor-section-height-default elementor-section-items-middle\" data-id=\"51c6fc3\" data-element_type=\"section\" data-settings=\"{&quot;jet_parallax_layout_list&quot;:[{&quot;jet_parallax_layout_image&quot;:{&quot;url&quot;:&quot;&quot;,&quot;id&quot;:&quot;&quot;,&quot;size&quot;:&quot;&quot;},&quot;_id&quot;:&quot;83b6e85&quot;,&quot;jet_parallax_layout_image_tablet&quot;:{&quot;url&quot;:&quot;&quot;,&quot;id&quot;:&quot;&quot;,&quot;size&quot;:&quot;&quot;},&quot;jet_parallax_layout_image_mobile&quot;:{&quot;url&quot;:&quot;&quot;,&quot;id&quot;:&quot;&quot;,&quot;size&quot;:&quot;&quot;},&quot;jet_parallax_layout_speed&quot;:{&quot;unit&quot;:&quot;%&quot;,&quot;size&quot;:&quot;50&quot;,&quot;sizes&quot;:[]},&quot;jet_parallax_layout_type&quot;:&quot;scroll&quot;,&quot;jet_parallax_layout_z_index&quot;:&quot;&quot;,&quot;jet_parallax_layout_bg_x&quot;:&quot;50&quot;,&quot;jet_parallax_layout_bg_y&quot;:&quot;50&quot;,&quot;jet_parallax_layout_bg_size&quot;:&quot;auto&quot;,&quot;jet_parallax_layout_animation_prop&quot;:&quot;transform&quot;,&quot;jet_parallax_layout_on&quot;:[&quot;desktop&quot;,&quot;tablet&quot;],&quot;jet_parallax_layout_direction&quot;:&quot;1&quot;,&quot;jet_parallax_layout_fx_direction&quot;:null,&quot;jet_parallax_layout_bg_x_tablet&quot;:&quot;&quot;,&quot;jet_parallax_layout_bg_x_mobile&quot;:&quot;&quot;,&quot;jet_parallax_layout_bg_y_tablet&quot;:&quot;&quot;,&quot;jet_parallax_layout_bg_y_mobile&quot;:&quot;&quot;,&quot;jet_parallax_layout_bg_size_tablet&quot;:&quot;&quot;,&quot;jet_parallax_layout_bg_size_mobile&quot;:&quot;&quot;}],&quot;background_background&quot;:&quot;classic&quot;,&quot;stretch_section&quot;:&quot;section-stretched&quot;}\">\n\t\t\t\t\t\t\t<div class=\"elementor-background-overlay\"><\/div>\n\t\t\t\t\t\t\t<div class=\"elementor-container elementor-column-gap-default\">\n\t\t\t\t\t<div class=\"elementor-column elementor-col-100 elementor-top-column elementor-element elementor-element-1d92192\" data-id=\"1d92192\" data-element_type=\"column\">\n\t\t\t<div class=\"elementor-widget-wrap elementor-element-populated\">\n\t\t\t\t\t\t<div class=\"elementor-element elementor-element-7dfbd78 elementor-widget elementor-widget-heading\" data-id=\"7dfbd78\" data-element_type=\"widget\" data-widget_type=\"heading.default\">\n\t\t\t\t<div class=\"elementor-widget-container\">\n\t\t\t\t\t<h1 class=\"elementor-heading-title elementor-size-default\">Vivre<\/h1>\t\t\t\t<\/div>\n\t\t\t\t<\/div>\n\t\t\t\t\t<\/div>\n\t\t<\/div>\n\t\t\t\t\t<\/div>\n\t\t<\/section>\n\t\t\t\t<section class=\"elementor-section elementor-top-section elementor-element elementor-element-39baa92e elementor-section-boxed elementor-section-height-default elementor-section-height-default\" data-id=\"39baa92e\" data-element_type=\"section\" data-settings=\"{&quot;jet_parallax_layout_list&quot;:[{&quot;jet_parallax_layout_image&quot;:{&quot;url&quot;:&quot;&quot;,&quot;id&quot;:&quot;&quot;,&quot;size&quot;:&quot;&quot;},&quot;_id&quot;:&quot;225207e&quot;,&quot;jet_parallax_layout_image_tablet&quot;:{&quot;url&quot;:&quot;&quot;,&quot;id&quot;:&quot;&quot;,&quot;size&quot;:&quot;&quot;},&quot;jet_parallax_layout_image_mobile&quot;:{&quot;url&quot;:&quot;&quot;,&quot;id&quot;:&quot;&quot;,&quot;size&quot;:&quot;&quot;},&quot;jet_parallax_layout_speed&quot;:{&quot;unit&quot;:&quot;%&quot;,&quot;size&quot;:&quot;50&quot;,&quot;sizes&quot;:[]},&quot;jet_parallax_layout_type&quot;:&quot;scroll&quot;,&quot;jet_parallax_layout_z_index&quot;:&quot;&quot;,&quot;jet_parallax_layout_bg_x&quot;:&quot;50&quot;,&quot;jet_parallax_layout_bg_y&quot;:&quot;50&quot;,&quot;jet_parallax_layout_bg_size&quot;:&quot;auto&quot;,&quot;jet_parallax_layout_animation_prop&quot;:&quot;transform&quot;,&quot;jet_parallax_layout_on&quot;:[&quot;desktop&quot;,&quot;tablet&quot;],&quot;jet_parallax_layout_direction&quot;:&quot;1&quot;,&quot;jet_parallax_layout_fx_direction&quot;:null,&quot;jet_parallax_layout_bg_x_tablet&quot;:&quot;&quot;,&quot;jet_parallax_layout_bg_x_mobile&quot;:&quot;&quot;,&quot;jet_parallax_layout_bg_y_tablet&quot;:&quot;&quot;,&quot;jet_parallax_layout_bg_y_mobile&quot;:&quot;&quot;,&quot;jet_parallax_layout_bg_size_tablet&quot;:&quot;&quot;,&quot;jet_parallax_layout_bg_size_mobile&quot;:&quot;&quot;}]}\">\n\t\t\t\t\t\t<div class=\"elementor-container elementor-column-gap-default\">\n\t\t\t\t\t<div class=\"elementor-column elementor-col-100 elementor-top-column elementor-element elementor-element-2e4cd115\" data-id=\"2e4cd115\" data-element_type=\"column\">\n\t\t\t<div class=\"elementor-widget-wrap elementor-element-populated\">\n\t\t\t\t\t\t<div class=\"elementor-element elementor-element-5c7af08 elementor-invisible elementor-widget elementor-widget-text-editor\" data-id=\"5c7af08\" data-element_type=\"widget\" data-settings=\"{&quot;_animation&quot;:&quot;fadeIn&quot;,&quot;_animation_delay&quot;:&quot;300&quot;}\" data-widget_type=\"text-editor.default\">\n\t\t\t\t<div class=\"elementor-widget-container\">\n\t\t\t\t\t\t\t\t\t<p><span data-sheets-value=\"{&quot;1&quot;:2,&quot;2&quot;:&quot;\u00c9v\u00e9nements, traditions, histoire et culture ... c'est ce qui nous distingue et parle de nous. Voici comment nous conna\u00eetre et rentrer chez toi avec un peu de l'\u00e2me des Cinque Terre.&quot;}\" data-sheets-userformat=\"{&quot;2&quot;:15293,&quot;3&quot;:{&quot;1&quot;:0},&quot;5&quot;:{&quot;1&quot;:[{&quot;1&quot;:2,&quot;2&quot;:0,&quot;5&quot;:[null,2,0]},{&quot;1&quot;:0,&quot;2&quot;:0,&quot;3&quot;:3},{&quot;1&quot;:1,&quot;2&quot;:0,&quot;4&quot;:1}]},&quot;6&quot;:{&quot;1&quot;:[{&quot;1&quot;:2,&quot;2&quot;:0,&quot;5&quot;:[null,2,0]},{&quot;1&quot;:0,&quot;2&quot;:0,&quot;3&quot;:3},{&quot;1&quot;:1,&quot;2&quot;:0,&quot;4&quot;:1}]},&quot;7&quot;:{&quot;1&quot;:[{&quot;1&quot;:2,&quot;2&quot;:0,&quot;5&quot;:[null,2,0]},{&quot;1&quot;:0,&quot;2&quot;:0,&quot;3&quot;:3},{&quot;1&quot;:1,&quot;2&quot;:0,&quot;4&quot;:1}]},&quot;8&quot;:{&quot;1&quot;:[{&quot;1&quot;:2,&quot;2&quot;:0,&quot;5&quot;:[null,2,0]},{&quot;1&quot;:0,&quot;2&quot;:0,&quot;3&quot;:3},{&quot;1&quot;:1,&quot;2&quot;:0,&quot;4&quot;:1}]},&quot;10&quot;:0,&quot;11&quot;:4,&quot;12&quot;:0,&quot;14&quot;:[null,2,0],&quot;15&quot;:&quot;Montserrat&quot;,&quot;16&quot;:11}\">\u00c9v\u00e9nements, traditions, histoire et culture &#8230; c&rsquo;est ce qui nous distingue et parle de nous. Voici comment nous conna\u00eetre et rentrer chez toi avec un peu de l&rsquo;\u00e2me des Cinque Terre.<\/span><\/p>\n\t\t\t\t\t\t\t\t<\/div>\n\t\t\t\t<\/div>\n\t\t\t\t<div class=\"elementor-element elementor-element-7e2a5541 elementor-widget elementor-widget-spacer\" data-id=\"7e2a5541\" data-element_type=\"widget\" data-widget_type=\"spacer.default\">\n\t\t\t\t<div class=\"elementor-widget-container\">\n\t\t\t\t\t\t\t<div class=\"elementor-spacer\">\n\t\t\t<div class=\"elementor-spacer-inner\"><\/div>\n\t\t<\/div>\n\t\t\t\t\t\t<\/div>\n\t\t\t\t<\/div>\n\t\t\t\t<div class=\"elementor-element elementor-element-14a931bd elementor-widget elementor-widget-jet-blog-smart-listing\" data-id=\"14a931bd\" data-element_type=\"widget\" data-widget_type=\"jet-blog-smart-listing.default\">\n\t\t\t\t<div class=\"elementor-widget-container\">\n\t\t\t\t\t<div class=\"elementor-jet-blog-smart-listing jet-blog\"><div class=\"jet-smart-listing-wrap\" data-settings='{&quot;block_title&quot;:&quot;&quot;,&quot;title_tag&quot;:&quot;h2&quot;,&quot;featured_post&quot;:&quot;&quot;,&quot;featured_position&quot;:null,&quot;featured_width&quot;:null,&quot;featured_layout&quot;:null,&quot;featured_image_size&quot;:null,&quot;featured_image_position&quot;:null,&quot;featured_image_width&quot;:null,&quot;featured_excerpt_length&quot;:null,&quot;featured_excerpt_trimmed_ending&quot;:null,&quot;featured_read_more&quot;:null,&quot;featured_read_more_text&quot;:null,&quot;featured_show_meta&quot;:null,&quot;featured_show_author&quot;:null,&quot;featured_show_author_avatar&quot;:null,&quot;featured_show_author_from&quot;:null,&quot;featured_avatar_custom_field&quot;:null,&quot;featured_avatar_size&quot;:null,&quot;featured_show_author_icon&quot;:null,&quot;selected_featured_show_author_icon&quot;:null,&quot;featured_show_date&quot;:null,&quot;featured_show_date_icon&quot;:null,&quot;selected_featured_show_date_icon&quot;:null,&quot;featured_show_comments&quot;:null,&quot;featured_show_comments_icon&quot;:null,&quot;selected_featured_show_comments_icon&quot;:null,&quot;posts_columns_widescreen&quot;:null,&quot;posts_columns&quot;:&quot;3&quot;,&quot;posts_columns_laptop&quot;:null,&quot;posts_columns_tablet_extra&quot;:null,&quot;posts_columns_tablet&quot;:&quot;2&quot;,&quot;posts_columns_mobile_extra&quot;:null,&quot;posts_columns_mobile&quot;:&quot;1&quot;,&quot;posts_rows_widescreen&quot;:null,&quot;posts_rows&quot;:&quot;6&quot;,&quot;posts_rows_laptop&quot;:null,&quot;posts_rows_tablet_extra&quot;:null,&quot;posts_rows_tablet&quot;:null,&quot;posts_rows_mobile_extra&quot;:null,&quot;posts_rows_mobile&quot;:null,&quot;image_size&quot;:&quot;thumbnail&quot;,&quot;image_position&quot;:&quot;top&quot;,&quot;image_width&quot;:null,&quot;excerpt_length&quot;:15,&quot;excerpt_trimmed_ending&quot;:&quot;...&quot;,&quot;read_more&quot;:&quot;yes&quot;,&quot;read_more_text&quot;:&quot;LEGGI &gt;&gt;&quot;,&quot;show_meta&quot;:&quot;&quot;,&quot;show_author&quot;:null,&quot;show_author_avatar&quot;:null,&quot;get_avatar_from&quot;:null,&quot;avatar_custom_field&quot;:null,&quot;avatar_size&quot;:null,&quot;show_author_icon&quot;:null,&quot;selected_show_author_icon&quot;:null,&quot;show_date&quot;:null,&quot;show_date_icon&quot;:null,&quot;selected_show_date_icon&quot;:null,&quot;show_comments&quot;:null,&quot;show_comments_icon&quot;:null,&quot;selected_show_comments_icon&quot;:null,&quot;query_by&quot;:&quot;category&quot;,&quot;category_ids&quot;:[&quot;13&quot;,&quot;31&quot;,&quot;43&quot;,&quot;45&quot;],&quot;post_tag_ids&quot;:null,&quot;include_ids&quot;:null,&quot;exclude_ids&quot;:&quot;&quot;,&quot;custom_query_by&quot;:&quot;all&quot;,&quot;custom_terms_ids&quot;:null,&quot;meta_query&quot;:&quot;&quot;,&quot;meta_key&quot;:null,&quot;meta_value&quot;:null,&quot;show_filter&quot;:&quot;yes&quot;,&quot;filter_by&quot;:&quot;category&quot;,&quot;show_all_btn&quot;:&quot;&quot;,&quot;all_btn_label&quot;:&quot;All&quot;,&quot;more_terms_icon&quot;:null,&quot;selected_more_terms_icon&quot;:{&quot;value&quot;:&quot;fas fa-ellipsis-h&quot;,&quot;library&quot;:&quot;fa-solid&quot;},&quot;show_arrows&quot;:&quot;&quot;,&quot;arrow_type&quot;:null,&quot;show_featured_terms&quot;:null,&quot;show_featured_terms_tax&quot;:null,&quot;show_featured_terms_num&quot;:null,&quot;show_terms&quot;:&quot;&quot;,&quot;show_terms_tax&quot;:null,&quot;show_terms_num&quot;:null,&quot;featured_meta_position&quot;:null,&quot;meta_position&quot;:null,&quot;show_image&quot;:&quot;yes&quot;,&quot;post_type&quot;:[&quot;post&quot;],&quot;post_ids&quot;:null,&quot;content_related_meta&quot;:null,&quot;show_content_related_meta&quot;:&quot;&quot;,&quot;meta_content_related_position&quot;:null,&quot;title_related_meta&quot;:null,&quot;show_title_related_meta&quot;:&quot;&quot;,&quot;meta_title_related_position&quot;:null,&quot;featured_title_length&quot;:null,&quot;title_length&quot;:0,&quot;add_button_icon&quot;:&quot;&quot;,&quot;button_icon&quot;:null,&quot;selected_button_icon&quot;:null,&quot;post_add_button_icon&quot;:&quot;&quot;,&quot;post_button_icon&quot;:null,&quot;selected_post_button_icon&quot;:null,&quot;use_custom_query&quot;:&quot;&quot;,&quot;custom_query&quot;:null,&quot;posts_offset&quot;:0,&quot;order&quot;:&quot;DESC&quot;,&quot;order_by&quot;:&quot;date&quot;,&quot;is_archive_template&quot;:&quot;&quot;,&quot;query_builder_id&quot;:null}' data-page=\"1\" data-term=\"0\" data-scroll-top=>\n\t<div class=\"jet-smart-listing__heading\"><span class=\"jet-smart-listing__title-placeholder\"><\/span><div class=\"jet-smart-listing__filter\" data-more=\"{&quot;icon&quot;:&quot;&lt;span class=\\&quot;jet-blog-icon\\&quot;&gt;&lt;i aria-hidden=\\&quot;true\\&quot; class=\\&quot;fas fa-ellipsis-h\\&quot;&gt;&lt;\\\/i&gt;&lt;\\\/span&gt;&quot;,&quot;className&quot;:&quot;jet-smart-listing__filter-item jet-smart-listing__filter-more jet-blog-icon&quot;}\" data-rollup=\"1\"><div class=\"jet-smart-listing__filter-item\"><a href=\"#\" data-term=\"31\">Exp\u00e9riences<\/a><\/div><div class=\"jet-smart-listing__filter-item\"><a href=\"#\" data-term=\"45\">Randonn\u00e9 et autres activit\u00e9s de plein air<\/a><\/div><div class=\"jet-smart-listing__filter-item\"><a href=\"#\" data-term=\"43\">Vignobles, vin et plats typiques<\/a><\/div><div class=\"jet-smart-listing__filter-item\"><a href=\"#\" data-term=\"13\">Villages, histoire et culture locale<\/a><\/div><\/div><\/div>\n\t<div class=\"jet-smart-listing rows-6 no-featured\"><div class=\"jet-smart-listing__posts\">\n\t\t\t\t<div class=\"jet-smart-listing__post-wrapper\">\n\t\t\t\t<div class=\"jet-smart-listing__post has-post-thumb\">\n\t\t\t\t\t\t\t\t\t\t<div class=\"jet-smart-listing__post-thumbnail post-thumbnail-simple\"><a href=\"https:\/\/www.visitcinqueterre.eu\/fr\/2024\/08\/07\/via-dellamore-aspettando-il-2024\/\"><img decoding=\"async\" width=\"150\" height=\"150\" src=\"https:\/\/www.visitcinqueterre.eu\/wp-content\/uploads\/2022\/08\/E97E835B-E9F1-4A4A-9B34-7926938A36AB_1_105_c-150x150.jpeg\" class=\"jet-smart-listing__post-thumbnail-img post-thumbnail-img-simple wp-post-image\" alt=\"Via Dell&rsquo;Amore\" srcset=\"https:\/\/www.visitcinqueterre.eu\/wp-content\/uploads\/2022\/08\/E97E835B-E9F1-4A4A-9B34-7926938A36AB_1_105_c-150x150.jpeg 150w, https:\/\/www.visitcinqueterre.eu\/wp-content\/uploads\/2022\/08\/E97E835B-E9F1-4A4A-9B34-7926938A36AB_1_105_c-500x500.jpeg 500w\" sizes=\"(max-width: 150px) 100vw, 150px\" \/><\/a><\/div>\t\t\t\t\t<div class=\"jet-smart-listing__post-content\"><div class=\"jet-smart-listing__post-title post-title-simple\"><a href=\"https:\/\/www.visitcinqueterre.eu\/fr\/2024\/08\/07\/via-dellamore-aspettando-il-2024\/\">Via Dell&rsquo;Amore<\/a><\/div><div class=\"jet-smart-listing__post-excerpt post-excerpt-simple\">MODALIT\u00c0 DI FRUZIONE E ORARI DI VISITA DELLA VIA DELL\u2019AMORE Si accede alla Via dell\u2019Amore...<\/div><div class=\"jet-smart-listing__more-wrap\"><a href=\"https:\/\/www.visitcinqueterre.eu\/fr\/2024\/08\/07\/via-dellamore-aspettando-il-2024\/\" class=\"jet-smart-listing__more simple-more elementor-button elementor-size-md\"><span class=\"jet-smart-listing__more-text\">LEGGI &gt;&gt;<\/span><\/a><\/div><\/div>\n\t\t\t\t<\/div>\n\t\t\t<\/div>\n\t\t\t\t\t\t<div class=\"jet-smart-listing__post-wrapper\">\n\t\t\t\t<div class=\"jet-smart-listing__post has-post-thumb\">\n\t\t\t\t\t\t\t\t\t\t<div class=\"jet-smart-listing__post-thumbnail post-thumbnail-simple\"><a href=\"https:\/\/www.visitcinqueterre.eu\/fr\/2022\/08\/02\/la-marche-en-ete\/\"><img decoding=\"async\" width=\"150\" height=\"150\" src=\"https:\/\/www.visitcinqueterre.eu\/wp-content\/uploads\/2020\/07\/thumbnail_Via-Megalitica_1-Bassa-150x150.jpg\" class=\"jet-smart-listing__post-thumbnail-img post-thumbnail-img-simple wp-post-image\" alt=\"La marche en \u00e9t\u00e9\" srcset=\"https:\/\/www.visitcinqueterre.eu\/wp-content\/uploads\/2020\/07\/thumbnail_Via-Megalitica_1-Bassa-150x150.jpg 150w, https:\/\/www.visitcinqueterre.eu\/wp-content\/uploads\/2020\/07\/thumbnail_Via-Megalitica_1-Bassa-500x500.jpg 500w\" sizes=\"(max-width: 150px) 100vw, 150px\" \/><\/a><\/div>\t\t\t\t\t<div class=\"jet-smart-listing__post-content\"><div class=\"jet-smart-listing__post-title post-title-simple\"><a href=\"https:\/\/www.visitcinqueterre.eu\/fr\/2022\/08\/02\/la-marche-en-ete\/\">La marche en \u00e9t\u00e9<\/a><\/div><div class=\"jet-smart-listing__post-excerpt post-excerpt-simple\">Quelques conseils sur la meilleure fa\u00e7on d'aborder votrerandonn\u00e9e dans les Cinque Terre. 1) CHOISIR L'ITIN\u00c9RAIRE...<\/div><div class=\"jet-smart-listing__more-wrap\"><a href=\"https:\/\/www.visitcinqueterre.eu\/fr\/2022\/08\/02\/la-marche-en-ete\/\" class=\"jet-smart-listing__more simple-more elementor-button elementor-size-md\"><span class=\"jet-smart-listing__more-text\">LEGGI &gt;&gt;<\/span><\/a><\/div><\/div>\n\t\t\t\t<\/div>\n\t\t\t<\/div>\n\t\t\t\t\t\t<div class=\"jet-smart-listing__post-wrapper\">\n\t\t\t\t<div class=\"jet-smart-listing__post has-post-thumb\">\n\t\t\t\t\t\t\t\t\t\t<div class=\"jet-smart-listing__post-thumbnail post-thumbnail-simple\"><a href=\"https:\/\/www.visitcinqueterre.eu\/fr\/2022\/08\/02\/trekking-evitez-les-heures-les-plus-chaudes\/\"><img decoding=\"async\" width=\"150\" height=\"150\" src=\"https:\/\/www.visitcinqueterre.eu\/wp-content\/uploads\/2022\/08\/296730107_10159063472372099_3324713425471085241_n-1-150x150.jpeg\" class=\"jet-smart-listing__post-thumbnail-img post-thumbnail-img-simple wp-post-image\" alt=\"Trekking : \u00e9vitez les heures les plus chaudes\" srcset=\"https:\/\/www.visitcinqueterre.eu\/wp-content\/uploads\/2022\/08\/296730107_10159063472372099_3324713425471085241_n-1-150x150.jpeg 150w, https:\/\/www.visitcinqueterre.eu\/wp-content\/uploads\/2022\/08\/296730107_10159063472372099_3324713425471085241_n-1-300x300.jpeg 300w, https:\/\/www.visitcinqueterre.eu\/wp-content\/uploads\/2022\/08\/296730107_10159063472372099_3324713425471085241_n-1-768x768.jpeg 768w, https:\/\/www.visitcinqueterre.eu\/wp-content\/uploads\/2022\/08\/296730107_10159063472372099_3324713425471085241_n-1-500x500.jpeg 500w, https:\/\/www.visitcinqueterre.eu\/wp-content\/uploads\/2022\/08\/296730107_10159063472372099_3324713425471085241_n-1.jpeg 960w\" sizes=\"(max-width: 150px) 100vw, 150px\" \/><\/a><\/div>\t\t\t\t\t<div class=\"jet-smart-listing__post-content\"><div class=\"jet-smart-listing__post-title post-title-simple\"><a href=\"https:\/\/www.visitcinqueterre.eu\/fr\/2022\/08\/02\/trekking-evitez-les-heures-les-plus-chaudes\/\">Trekking : \u00e9vitez les heures les plus chaudes<\/a><\/div><div class=\"jet-smart-listing__post-excerpt post-excerpt-simple\">La chaleur extraordinaire de cet \u00e9t\u00e9 italien 2022 ne semble pas vouloir se calmer, c'est...<\/div><div class=\"jet-smart-listing__more-wrap\"><a href=\"https:\/\/www.visitcinqueterre.eu\/fr\/2022\/08\/02\/trekking-evitez-les-heures-les-plus-chaudes\/\" class=\"jet-smart-listing__more simple-more elementor-button elementor-size-md\"><span class=\"jet-smart-listing__more-text\">LEGGI &gt;&gt;<\/span><\/a><\/div><\/div>\n\t\t\t\t<\/div>\n\t\t\t<\/div>\n\t\t\t\t\t\t<div class=\"jet-smart-listing__post-wrapper\">\n\t\t\t\t<div class=\"jet-smart-listing__post has-post-thumb\">\n\t\t\t\t\t\t\t\t\t\t<div class=\"jet-smart-listing__post-thumbnail post-thumbnail-simple\"><a href=\"https:\/\/www.visitcinqueterre.eu\/fr\/2022\/07\/27\/plogging-dans-les-cinque-terre\/\"><img loading=\"lazy\" decoding=\"async\" width=\"150\" height=\"150\" src=\"https:\/\/www.visitcinqueterre.eu\/wp-content\/uploads\/2022\/07\/plogging-1-150x150.png\" class=\"jet-smart-listing__post-thumbnail-img post-thumbnail-img-simple wp-post-image\" alt=\"Plogging dans les Cinque Terre\" srcset=\"https:\/\/www.visitcinqueterre.eu\/wp-content\/uploads\/2022\/07\/plogging-1-150x150.png 150w, https:\/\/www.visitcinqueterre.eu\/wp-content\/uploads\/2022\/07\/plogging-1-500x500.png 500w\" sizes=\"(max-width: 150px) 100vw, 150px\" \/><\/a><\/div>\t\t\t\t\t<div class=\"jet-smart-listing__post-content\"><div class=\"jet-smart-listing__post-title post-title-simple\"><a href=\"https:\/\/www.visitcinqueterre.eu\/fr\/2022\/07\/27\/plogging-dans-les-cinque-terre\/\">Plogging dans les Cinque Terre<\/a><\/div><div class=\"jet-smart-listing__post-excerpt post-excerpt-simple\">Vous envisagez de faire une randonn\u00e9e dans le parc des Cinque Terre ? Oui ?...<\/div><div class=\"jet-smart-listing__more-wrap\"><a href=\"https:\/\/www.visitcinqueterre.eu\/fr\/2022\/07\/27\/plogging-dans-les-cinque-terre\/\" class=\"jet-smart-listing__more simple-more elementor-button elementor-size-md\"><span class=\"jet-smart-listing__more-text\">LEGGI &gt;&gt;<\/span><\/a><\/div><\/div>\n\t\t\t\t<\/div>\n\t\t\t<\/div>\n\t\t\t\t\t\t<div class=\"jet-smart-listing__post-wrapper\">\n\t\t\t\t<div class=\"jet-smart-listing__post has-post-thumb\">\n\t\t\t\t\t\t\t\t\t\t<div class=\"jet-smart-listing__post-thumbnail post-thumbnail-simple\"><a href=\"https:\/\/www.visitcinqueterre.eu\/fr\/2022\/05\/01\/diner-avec-le-producteur-riodivino\/\"><img loading=\"lazy\" decoding=\"async\" width=\"150\" height=\"150\" src=\"https:\/\/www.visitcinqueterre.eu\/wp-content\/uploads\/2022\/05\/riodivino_logo-150x150.jpeg\" class=\"jet-smart-listing__post-thumbnail-img post-thumbnail-img-simple wp-post-image\" alt=\"D\u00eener avec le producteur &#8211; Riodivino\" srcset=\"https:\/\/www.visitcinqueterre.eu\/wp-content\/uploads\/2022\/05\/riodivino_logo-150x150.jpeg 150w, https:\/\/www.visitcinqueterre.eu\/wp-content\/uploads\/2022\/05\/riodivino_logo-500x500.jpeg 500w\" sizes=\"(max-width: 150px) 100vw, 150px\" \/><\/a><\/div>\t\t\t\t\t<div class=\"jet-smart-listing__post-content\"><div class=\"jet-smart-listing__post-title post-title-simple\"><a href=\"https:\/\/www.visitcinqueterre.eu\/fr\/2022\/05\/01\/diner-avec-le-producteur-riodivino\/\">D\u00eener avec le producteur &#8211; Riodivino<\/a><\/div><div class=\"jet-smart-listing__post-excerpt post-excerpt-simple\">Au d\u00eener avec le producteur le dimanche soir : telle est la devise des restaurateurs...<\/div><div class=\"jet-smart-listing__more-wrap\"><a href=\"https:\/\/www.visitcinqueterre.eu\/fr\/2022\/05\/01\/diner-avec-le-producteur-riodivino\/\" class=\"jet-smart-listing__more simple-more elementor-button elementor-size-md\"><span class=\"jet-smart-listing__more-text\">LEGGI &gt;&gt;<\/span><\/a><\/div><\/div>\n\t\t\t\t<\/div>\n\t\t\t<\/div>\n\t\t\t\t\t\t<div class=\"jet-smart-listing__post-wrapper\">\n\t\t\t\t<div class=\"jet-smart-listing__post has-post-thumb\">\n\t\t\t\t\t\t\t\t\t\t<div class=\"jet-smart-listing__post-thumbnail post-thumbnail-simple\"><a href=\"https:\/\/www.visitcinqueterre.eu\/fr\/2022\/04\/24\/decouvrez-le-chateau-de-riomaggiore\/\"><img loading=\"lazy\" decoding=\"async\" width=\"150\" height=\"150\" src=\"https:\/\/www.visitcinqueterre.eu\/wp-content\/uploads\/2022\/04\/castello-150x150.jpeg\" class=\"jet-smart-listing__post-thumbnail-img post-thumbnail-img-simple wp-post-image\" alt=\"D\u00e9couvrez le ch\u00e2teau de Riomaggiore\" srcset=\"https:\/\/www.visitcinqueterre.eu\/wp-content\/uploads\/2022\/04\/castello-150x150.jpeg 150w, https:\/\/www.visitcinqueterre.eu\/wp-content\/uploads\/2022\/04\/castello-500x500.jpeg 500w\" sizes=\"(max-width: 150px) 100vw, 150px\" \/><\/a><\/div>\t\t\t\t\t<div class=\"jet-smart-listing__post-content\"><div class=\"jet-smart-listing__post-title post-title-simple\"><a href=\"https:\/\/www.visitcinqueterre.eu\/fr\/2022\/04\/24\/decouvrez-le-chateau-de-riomaggiore\/\">D\u00e9couvrez le ch\u00e2teau de Riomaggiore<\/a><\/div><div class=\"jet-smart-listing__post-excerpt post-excerpt-simple\">D\u00e9couvrez le Ch\u00e2teau de Riomaggiore et sa terrasse panoramique !Vous pouvez visiter l'exposition permanente, \"...<\/div><div class=\"jet-smart-listing__more-wrap\"><a href=\"https:\/\/www.visitcinqueterre.eu\/fr\/2022\/04\/24\/decouvrez-le-chateau-de-riomaggiore\/\" class=\"jet-smart-listing__more simple-more elementor-button elementor-size-md\"><span class=\"jet-smart-listing__more-text\">LEGGI &gt;&gt;<\/span><\/a><\/div><\/div>\n\t\t\t\t<\/div>\n\t\t\t<\/div>\n\t\t\t\t\t\t<div class=\"jet-smart-listing__post-wrapper\">\n\t\t\t\t<div class=\"jet-smart-listing__post has-post-thumb\">\n\t\t\t\t\t\t\t\t\t\t<div class=\"jet-smart-listing__post-thumbnail post-thumbnail-simple\"><a href=\"https:\/\/www.visitcinqueterre.eu\/fr\/2021\/11\/24\/la-creche-de-mario-andreoli-a-manarola\/\"><img loading=\"lazy\" decoding=\"async\" width=\"150\" height=\"150\" src=\"https:\/\/www.visitcinqueterre.eu\/wp-content\/uploads\/2021\/11\/Schermata-2021-11-24-alle-12.14.55-150x150.png\" class=\"jet-smart-listing__post-thumbnail-img post-thumbnail-img-simple wp-post-image\" alt=\"La cr\u00e8che de Mario Andreoli \u00e0 Manarola\" \/><\/a><\/div>\t\t\t\t\t<div class=\"jet-smart-listing__post-content\"><div class=\"jet-smart-listing__post-title post-title-simple\"><a href=\"https:\/\/www.visitcinqueterre.eu\/fr\/2021\/11\/24\/la-creche-de-mario-andreoli-a-manarola\/\">La cr\u00e8che de Mario Andreoli \u00e0 Manarola<\/a><\/div><div class=\"jet-smart-listing__post-excerpt post-excerpt-simple\">La cr\u00e8che de Mario Andreoli \u00e0 Manarola, \u00e9galement connue sous le nom de cr\u00e8che lumineuse...<\/div><div class=\"jet-smart-listing__more-wrap\"><a href=\"https:\/\/www.visitcinqueterre.eu\/fr\/2021\/11\/24\/la-creche-de-mario-andreoli-a-manarola\/\" class=\"jet-smart-listing__more simple-more elementor-button elementor-size-md\"><span class=\"jet-smart-listing__more-text\">LEGGI &gt;&gt;<\/span><\/a><\/div><\/div>\n\t\t\t\t<\/div>\n\t\t\t<\/div>\n\t\t\t\t\t\t<div class=\"jet-smart-listing__post-wrapper\">\n\t\t\t\t<div class=\"jet-smart-listing__post has-post-thumb\">\n\t\t\t\t\t\t\t\t\t\t<div class=\"jet-smart-listing__post-thumbnail post-thumbnail-simple\"><a href=\"https:\/\/www.visitcinqueterre.eu\/fr\/2021\/11\/12\/sciacchetrail-2022\/\"><img loading=\"lazy\" decoding=\"async\" width=\"150\" height=\"150\" src=\"https:\/\/www.visitcinqueterre.eu\/wp-content\/uploads\/2021\/11\/alice-russolo-anton-krupicka-5terre-2018-free-16-scaled-1500x700-1-150x150.jpg\" class=\"jet-smart-listing__post-thumbnail-img post-thumbnail-img-simple wp-post-image\" alt=\"Sciacchetrail 2022\" srcset=\"https:\/\/www.visitcinqueterre.eu\/wp-content\/uploads\/2021\/11\/alice-russolo-anton-krupicka-5terre-2018-free-16-scaled-1500x700-1-150x150.jpg 150w, https:\/\/www.visitcinqueterre.eu\/wp-content\/uploads\/2021\/11\/alice-russolo-anton-krupicka-5terre-2018-free-16-scaled-1500x700-1-500x500.jpg 500w\" sizes=\"(max-width: 150px) 100vw, 150px\" \/><\/a><\/div>\t\t\t\t\t<div class=\"jet-smart-listing__post-content\"><div class=\"jet-smart-listing__post-title post-title-simple\"><a href=\"https:\/\/www.visitcinqueterre.eu\/fr\/2021\/11\/12\/sciacchetrail-2022\/\">Sciacchetrail 2022<\/a><\/div><div class=\"jet-smart-listing__post-excerpt post-excerpt-simple\">Apr\u00e8s une pause forc\u00e9e de deux ans, Sciacchetrail revient le 2 avril 2022, la sixi\u00e8me...<\/div><div class=\"jet-smart-listing__more-wrap\"><a href=\"https:\/\/www.visitcinqueterre.eu\/fr\/2021\/11\/12\/sciacchetrail-2022\/\" class=\"jet-smart-listing__more simple-more elementor-button elementor-size-md\"><span class=\"jet-smart-listing__more-text\">LEGGI &gt;&gt;<\/span><\/a><\/div><\/div>\n\t\t\t\t<\/div>\n\t\t\t<\/div>\n\t\t\t\t\t\t<div class=\"jet-smart-listing__post-wrapper\">\n\t\t\t\t<div class=\"jet-smart-listing__post has-post-thumb\">\n\t\t\t\t\t\t\t\t\t\t<div class=\"jet-smart-listing__post-thumbnail post-thumbnail-simple\"><a href=\"https:\/\/www.visitcinqueterre.eu\/fr\/2021\/09\/29\/visites-guidees-dans-le-parc-des-cinque-terre\/\"><img loading=\"lazy\" decoding=\"async\" width=\"150\" height=\"150\" src=\"https:\/\/www.visitcinqueterre.eu\/wp-content\/uploads\/2020\/05\/IMG_3917-150x150.jpg\" class=\"jet-smart-listing__post-thumbnail-img post-thumbnail-img-simple wp-post-image\" alt=\"Visites guid\u00e9es dans le parc des Cinque Terre\" srcset=\"https:\/\/www.visitcinqueterre.eu\/wp-content\/uploads\/2020\/05\/IMG_3917-150x150.jpg 150w, https:\/\/www.visitcinqueterre.eu\/wp-content\/uploads\/2020\/05\/IMG_3917-500x500.jpg 500w\" sizes=\"(max-width: 150px) 100vw, 150px\" \/><\/a><\/div>\t\t\t\t\t<div class=\"jet-smart-listing__post-content\"><div class=\"jet-smart-listing__post-title post-title-simple\"><a href=\"https:\/\/www.visitcinqueterre.eu\/fr\/2021\/09\/29\/visites-guidees-dans-le-parc-des-cinque-terre\/\">Visites guid\u00e9es dans le parc des Cinque Terre<\/a><\/div><div class=\"jet-smart-listing__post-excerpt post-excerpt-simple\">Voici le programme du mois de visites guid\u00e9es dans le Parc des Cinque Terre: des...<\/div><div class=\"jet-smart-listing__more-wrap\"><a href=\"https:\/\/www.visitcinqueterre.eu\/fr\/2021\/09\/29\/visites-guidees-dans-le-parc-des-cinque-terre\/\" class=\"jet-smart-listing__more simple-more elementor-button elementor-size-md\"><span class=\"jet-smart-listing__more-text\">LEGGI &gt;&gt;<\/span><\/a><\/div><\/div>\n\t\t\t\t<\/div>\n\t\t\t<\/div>\n\t\t\t\t\t\t<div class=\"jet-smart-listing__post-wrapper\">\n\t\t\t\t<div class=\"jet-smart-listing__post has-post-thumb\">\n\t\t\t\t\t\t\t\t\t\t<div class=\"jet-smart-listing__post-thumbnail post-thumbnail-simple\"><a href=\"https:\/\/www.visitcinqueterre.eu\/fr\/2021\/08\/16\/nuotare-con-le-sirene-alle-cinque-terre\/\"><img loading=\"lazy\" decoding=\"async\" width=\"150\" height=\"150\" src=\"https:\/\/www.visitcinqueterre.eu\/wp-content\/uploads\/2021\/08\/GOPR0873-800x534-1-150x150.jpg\" class=\"jet-smart-listing__post-thumbnail-img post-thumbnail-img-simple wp-post-image\" alt=\"Nager avec des sir\u00e8nes dans les Cinque Terre\" srcset=\"https:\/\/www.visitcinqueterre.eu\/wp-content\/uploads\/2021\/08\/GOPR0873-800x534-1-150x150.jpg 150w, https:\/\/www.visitcinqueterre.eu\/wp-content\/uploads\/2021\/08\/GOPR0873-800x534-1-500x500.jpg 500w\" sizes=\"(max-width: 150px) 100vw, 150px\" \/><\/a><\/div>\t\t\t\t\t<div class=\"jet-smart-listing__post-content\"><div class=\"jet-smart-listing__post-title post-title-simple\"><a href=\"https:\/\/www.visitcinqueterre.eu\/fr\/2021\/08\/16\/nuotare-con-le-sirene-alle-cinque-terre\/\">Nager avec des sir\u00e8nes dans les Cinque Terre<\/a><\/div><div class=\"jet-smart-listing__post-excerpt post-excerpt-simple\">Nager avec des sir\u00e8nes dans les Cinque Terre est possible, car avouons-le, qui ne l'a...<\/div><div class=\"jet-smart-listing__more-wrap\"><a href=\"https:\/\/www.visitcinqueterre.eu\/fr\/2021\/08\/16\/nuotare-con-le-sirene-alle-cinque-terre\/\" class=\"jet-smart-listing__more simple-more elementor-button elementor-size-md\"><span class=\"jet-smart-listing__more-text\">LEGGI &gt;&gt;<\/span><\/a><\/div><\/div>\n\t\t\t\t<\/div>\n\t\t\t<\/div>\n\t\t\t\t\t\t<div class=\"jet-smart-listing__post-wrapper\">\n\t\t\t\t<div class=\"jet-smart-listing__post has-post-thumb\">\n\t\t\t\t\t\t\t\t\t\t<div class=\"jet-smart-listing__post-thumbnail post-thumbnail-simple\"><a href=\"https:\/\/www.visitcinqueterre.eu\/fr\/2021\/07\/31\/cinque-terre-un-paesaggio-umano\/\"><img loading=\"lazy\" decoding=\"async\" width=\"150\" height=\"150\" src=\"https:\/\/www.visitcinqueterre.eu\/wp-content\/uploads\/2020\/05\/IMG_6001-150x150.jpg\" class=\"jet-smart-listing__post-thumbnail-img post-thumbnail-img-simple wp-post-image\" alt=\"Cinque Terre, un paysage humain\" srcset=\"https:\/\/www.visitcinqueterre.eu\/wp-content\/uploads\/2020\/05\/IMG_6001-150x150.jpg 150w, https:\/\/www.visitcinqueterre.eu\/wp-content\/uploads\/2020\/05\/IMG_6001-500x500.jpg 500w\" sizes=\"(max-width: 150px) 100vw, 150px\" \/><\/a><\/div>\t\t\t\t\t<div class=\"jet-smart-listing__post-content\"><div class=\"jet-smart-listing__post-title post-title-simple\"><a href=\"https:\/\/www.visitcinqueterre.eu\/fr\/2021\/07\/31\/cinque-terre-un-paesaggio-umano\/\">Cinque Terre, un paysage humain<\/a><\/div><div class=\"jet-smart-listing__post-excerpt post-excerpt-simple\">Les Cinque Terre sont un paysage humain, dans le sens o\u00f9 s'il n'y avait eu...<\/div><div class=\"jet-smart-listing__more-wrap\"><a href=\"https:\/\/www.visitcinqueterre.eu\/fr\/2021\/07\/31\/cinque-terre-un-paesaggio-umano\/\" class=\"jet-smart-listing__more simple-more elementor-button elementor-size-md\"><span class=\"jet-smart-listing__more-text\">LEGGI &gt;&gt;<\/span><\/a><\/div><\/div>\n\t\t\t\t<\/div>\n\t\t\t<\/div>\n\t\t\t\t\t\t<div class=\"jet-smart-listing__post-wrapper\">\n\t\t\t\t<div class=\"jet-smart-listing__post has-post-thumb\">\n\t\t\t\t\t\t\t\t\t\t<div class=\"jet-smart-listing__post-thumbnail post-thumbnail-simple\"><a href=\"https:\/\/www.visitcinqueterre.eu\/fr\/2021\/06\/29\/visite-guidate-alleremo-della-maddalena-a-monterosso\/\"><img loading=\"lazy\" decoding=\"async\" width=\"150\" height=\"150\" src=\"https:\/\/www.visitcinqueterre.eu\/wp-content\/uploads\/2021\/06\/2_d.20170803174243-150x150.jpg\" class=\"jet-smart-listing__post-thumbnail-img post-thumbnail-img-simple wp-post-image\" alt=\"Visites guid\u00e9es de l&rsquo;Ermitage de la Maddalena \u00e0 Monterosso\" srcset=\"https:\/\/www.visitcinqueterre.eu\/wp-content\/uploads\/2021\/06\/2_d.20170803174243-150x150.jpg 150w, https:\/\/www.visitcinqueterre.eu\/wp-content\/uploads\/2021\/06\/2_d.20170803174243-500x500.jpg 500w\" sizes=\"(max-width: 150px) 100vw, 150px\" \/><\/a><\/div>\t\t\t\t\t<div class=\"jet-smart-listing__post-content\"><div class=\"jet-smart-listing__post-title post-title-simple\"><a href=\"https:\/\/www.visitcinqueterre.eu\/fr\/2021\/06\/29\/visite-guidate-alleremo-della-maddalena-a-monterosso\/\">Visites guid\u00e9es de l&rsquo;Ermitage de la Maddalena \u00e0 Monterosso<\/a><\/div><div class=\"jet-smart-listing__post-excerpt post-excerpt-simple\">L'Ermitage de la Maddalena est une r\u00e9sidence historique immerg\u00e9e dans une oliveraie surplombant la mer...<\/div><div class=\"jet-smart-listing__more-wrap\"><a href=\"https:\/\/www.visitcinqueterre.eu\/fr\/2021\/06\/29\/visite-guidate-alleremo-della-maddalena-a-monterosso\/\" class=\"jet-smart-listing__more simple-more elementor-button elementor-size-md\"><span class=\"jet-smart-listing__more-text\">LEGGI &gt;&gt;<\/span><\/a><\/div><\/div>\n\t\t\t\t<\/div>\n\t\t\t<\/div>\n\t\t\t\t\t\t<div class=\"jet-smart-listing__post-wrapper\">\n\t\t\t\t<div class=\"jet-smart-listing__post has-post-thumb\">\n\t\t\t\t\t\t\t\t\t\t<div class=\"jet-smart-listing__post-thumbnail post-thumbnail-simple\"><a href=\"https:\/\/www.visitcinqueterre.eu\/fr\/2021\/03\/31\/randonnee-de-manarola-a-corniglia-via-volastra\/\"><img loading=\"lazy\" decoding=\"async\" width=\"150\" height=\"150\" src=\"https:\/\/www.visitcinqueterre.eu\/wp-content\/uploads\/2020\/05\/IMG_4396-150x150.jpg\" class=\"jet-smart-listing__post-thumbnail-img post-thumbnail-img-simple wp-post-image\" alt=\"Randonn\u00e9e de Manarola \u00e0 Corniglia via Volastra\" srcset=\"https:\/\/www.visitcinqueterre.eu\/wp-content\/uploads\/2020\/05\/IMG_4396-150x150.jpg 150w, https:\/\/www.visitcinqueterre.eu\/wp-content\/uploads\/2020\/05\/IMG_4396-500x500.jpg 500w\" sizes=\"(max-width: 150px) 100vw, 150px\" \/><\/a><\/div>\t\t\t\t\t<div class=\"jet-smart-listing__post-content\"><div class=\"jet-smart-listing__post-title post-title-simple\"><a href=\"https:\/\/www.visitcinqueterre.eu\/fr\/2021\/03\/31\/randonnee-de-manarola-a-corniglia-via-volastra\/\">Randonn\u00e9e de Manarola \u00e0 Corniglia via Volastra<\/a><\/div><div class=\"jet-smart-listing__post-excerpt post-excerpt-simple\">La promenade qui m\u00e8ne de Manarola \u00e0 Corniglia est l'une des plus pittoresques de notre...<\/div><div class=\"jet-smart-listing__more-wrap\"><a href=\"https:\/\/www.visitcinqueterre.eu\/fr\/2021\/03\/31\/randonnee-de-manarola-a-corniglia-via-volastra\/\" class=\"jet-smart-listing__more simple-more elementor-button elementor-size-md\"><span class=\"jet-smart-listing__more-text\">LEGGI &gt;&gt;<\/span><\/a><\/div><\/div>\n\t\t\t\t<\/div>\n\t\t\t<\/div>\n\t\t\t\t\t\t<div class=\"jet-smart-listing__post-wrapper\">\n\t\t\t\t<div class=\"jet-smart-listing__post has-post-thumb\">\n\t\t\t\t\t\t\t\t\t\t<div class=\"jet-smart-listing__post-thumbnail post-thumbnail-simple\"><a href=\"https:\/\/www.visitcinqueterre.eu\/fr\/2020\/09\/05\/cinque-terre-walking-park-septembre-2020\/\"><img loading=\"lazy\" decoding=\"async\" width=\"150\" height=\"150\" src=\"https:\/\/www.visitcinqueterre.eu\/wp-content\/uploads\/2020\/06\/D0624159-76B5-4546-9D62-5B5EEE739C89-scaled-150x150.jpeg\" class=\"jet-smart-listing__post-thumbnail-img post-thumbnail-img-simple wp-post-image\" alt=\"Cinque Terre Walking Park, septembre 2020\" srcset=\"https:\/\/www.visitcinqueterre.eu\/wp-content\/uploads\/2020\/06\/D0624159-76B5-4546-9D62-5B5EEE739C89-scaled-150x150.jpeg 150w, https:\/\/www.visitcinqueterre.eu\/wp-content\/uploads\/2020\/06\/D0624159-76B5-4546-9D62-5B5EEE739C89-scaled-500x500.jpeg 500w\" sizes=\"(max-width: 150px) 100vw, 150px\" \/><\/a><\/div>\t\t\t\t\t<div class=\"jet-smart-listing__post-content\"><div class=\"jet-smart-listing__post-title post-title-simple\"><a href=\"https:\/\/www.visitcinqueterre.eu\/fr\/2020\/09\/05\/cinque-terre-walking-park-septembre-2020\/\">Cinque Terre Walking Park, septembre 2020<\/a><\/div><div class=\"jet-smart-listing__post-excerpt post-excerpt-simple\">Pendant le week-end, le Parc National des Cinque Terre organise des excursions guid\u00e9es \u00e0 la...<\/div><div class=\"jet-smart-listing__more-wrap\"><a href=\"https:\/\/www.visitcinqueterre.eu\/fr\/2020\/09\/05\/cinque-terre-walking-park-septembre-2020\/\" class=\"jet-smart-listing__more simple-more elementor-button elementor-size-md\"><span class=\"jet-smart-listing__more-text\">LEGGI &gt;&gt;<\/span><\/a><\/div><\/div>\n\t\t\t\t<\/div>\n\t\t\t<\/div>\n\t\t\t\t\t\t<div class=\"jet-smart-listing__post-wrapper\">\n\t\t\t\t<div class=\"jet-smart-listing__post has-post-thumb\">\n\t\t\t\t\t\t\t\t\t\t<div class=\"jet-smart-listing__post-thumbnail post-thumbnail-simple\"><a href=\"https:\/\/www.visitcinqueterre.eu\/fr\/2020\/08\/01\/cinque-terre-walking-park-aout-2020\/\"><img loading=\"lazy\" decoding=\"async\" width=\"150\" height=\"150\" src=\"https:\/\/www.visitcinqueterre.eu\/wp-content\/uploads\/2020\/05\/Paolo-Marchi-1-150x150.jpg\" class=\"jet-smart-listing__post-thumbnail-img post-thumbnail-img-simple wp-post-image\" alt=\"Cinque Terre Walking Park,  ao\u00fbt 2020\" srcset=\"https:\/\/www.visitcinqueterre.eu\/wp-content\/uploads\/2020\/05\/Paolo-Marchi-1-150x150.jpg 150w, https:\/\/www.visitcinqueterre.eu\/wp-content\/uploads\/2020\/05\/Paolo-Marchi-1-500x500.jpg 500w\" sizes=\"(max-width: 150px) 100vw, 150px\" \/><\/a><\/div>\t\t\t\t\t<div class=\"jet-smart-listing__post-content\"><div class=\"jet-smart-listing__post-title post-title-simple\"><a href=\"https:\/\/www.visitcinqueterre.eu\/fr\/2020\/08\/01\/cinque-terre-walking-park-aout-2020\/\">Cinque Terre Walking Park,  ao\u00fbt 2020<\/a><\/div><div class=\"jet-smart-listing__post-excerpt post-excerpt-simple\">Pendant le week-end, le Parc National des Cinque Terre organise des excursions guid\u00e9es \u00e0 la...<\/div><div class=\"jet-smart-listing__more-wrap\"><a href=\"https:\/\/www.visitcinqueterre.eu\/fr\/2020\/08\/01\/cinque-terre-walking-park-aout-2020\/\" class=\"jet-smart-listing__more simple-more elementor-button elementor-size-md\"><span class=\"jet-smart-listing__more-text\">LEGGI &gt;&gt;<\/span><\/a><\/div><\/div>\n\t\t\t\t<\/div>\n\t\t\t<\/div>\n\t\t\t\t\t\t<div class=\"jet-smart-listing__post-wrapper\">\n\t\t\t\t<div class=\"jet-smart-listing__post has-post-thumb\">\n\t\t\t\t\t\t\t\t\t\t<div class=\"jet-smart-listing__post-thumbnail post-thumbnail-simple\"><a href=\"https:\/\/www.visitcinqueterre.eu\/fr\/2020\/07\/19\/trekking-olistico-alle-cinque-terre\/\"><img loading=\"lazy\" decoding=\"async\" width=\"150\" height=\"150\" src=\"https:\/\/www.visitcinqueterre.eu\/wp-content\/uploads\/2020\/07\/thumbnail_Via-Megalitica_2-Bassa-150x150.jpg\" class=\"jet-smart-listing__post-thumbnail-img post-thumbnail-img-simple wp-post-image\" alt=\"Randonn\u00e9e holistique aux Cinque Terre\" srcset=\"https:\/\/www.visitcinqueterre.eu\/wp-content\/uploads\/2020\/07\/thumbnail_Via-Megalitica_2-Bassa-150x150.jpg 150w, https:\/\/www.visitcinqueterre.eu\/wp-content\/uploads\/2020\/07\/thumbnail_Via-Megalitica_2-Bassa-500x500.jpg 500w\" sizes=\"(max-width: 150px) 100vw, 150px\" \/><\/a><\/div>\t\t\t\t\t<div class=\"jet-smart-listing__post-content\"><div class=\"jet-smart-listing__post-title post-title-simple\"><a href=\"https:\/\/www.visitcinqueterre.eu\/fr\/2020\/07\/19\/trekking-olistico-alle-cinque-terre\/\">Randonn\u00e9e holistique aux Cinque Terre<\/a><\/div><div class=\"jet-smart-listing__post-excerpt post-excerpt-simple\">La randonn\u00e9e holistique est une nouvelle fa\u00e7on de randonner aux Cinque Terre, entre bien-\u00eatre et...<\/div><div class=\"jet-smart-listing__more-wrap\"><a href=\"https:\/\/www.visitcinqueterre.eu\/fr\/2020\/07\/19\/trekking-olistico-alle-cinque-terre\/\" class=\"jet-smart-listing__more simple-more elementor-button elementor-size-md\"><span class=\"jet-smart-listing__more-text\">LEGGI &gt;&gt;<\/span><\/a><\/div><\/div>\n\t\t\t\t<\/div>\n\t\t\t<\/div>\n\t\t\t\t\t\t<div class=\"jet-smart-listing__post-wrapper\">\n\t\t\t\t<div class=\"jet-smart-listing__post has-post-thumb\">\n\t\t\t\t\t\t\t\t\t\t<div class=\"jet-smart-listing__post-thumbnail post-thumbnail-simple\"><a href=\"https:\/\/www.visitcinqueterre.eu\/fr\/2020\/07\/16\/yoga-et-meditation-aux-cinque-terre\/\"><img loading=\"lazy\" decoding=\"async\" width=\"150\" height=\"150\" src=\"https:\/\/www.visitcinqueterre.eu\/wp-content\/uploads\/2020\/07\/coast-1834827_1280-150x150.jpg\" class=\"jet-smart-listing__post-thumbnail-img post-thumbnail-img-simple wp-post-image\" alt=\"Yoga et m\u00e9ditation aux Cinque Terre\" srcset=\"https:\/\/www.visitcinqueterre.eu\/wp-content\/uploads\/2020\/07\/coast-1834827_1280-150x150.jpg 150w, https:\/\/www.visitcinqueterre.eu\/wp-content\/uploads\/2020\/07\/coast-1834827_1280-500x500.jpg 500w\" sizes=\"(max-width: 150px) 100vw, 150px\" \/><\/a><\/div>\t\t\t\t\t<div class=\"jet-smart-listing__post-content\"><div class=\"jet-smart-listing__post-title post-title-simple\"><a href=\"https:\/\/www.visitcinqueterre.eu\/fr\/2020\/07\/16\/yoga-et-meditation-aux-cinque-terre\/\">Yoga et m\u00e9ditation aux Cinque Terre<\/a><\/div><div class=\"jet-smart-listing__post-excerpt post-excerpt-simple\">Yoga et m\u00e9ditation aux Cinque Terre, cette ann\u00e9e, l'offre s'\u00e9largit ! Pas seulement la randonn\u00e9e,...<\/div><div class=\"jet-smart-listing__more-wrap\"><a href=\"https:\/\/www.visitcinqueterre.eu\/fr\/2020\/07\/16\/yoga-et-meditation-aux-cinque-terre\/\" class=\"jet-smart-listing__more simple-more elementor-button elementor-size-md\"><span class=\"jet-smart-listing__more-text\">LEGGI &gt;&gt;<\/span><\/a><\/div><\/div>\n\t\t\t\t<\/div>\n\t\t\t<\/div>\n\t\t\t\t\t\t<div class=\"jet-smart-listing__post-wrapper\">\n\t\t\t\t<div class=\"jet-smart-listing__post has-post-thumb\">\n\t\t\t\t\t\t\t\t\t\t<div class=\"jet-smart-listing__post-thumbnail post-thumbnail-simple\"><a href=\"https:\/\/www.visitcinqueterre.eu\/fr\/2020\/07\/14\/degustazione-vini-visita-vigneto-riomaggiore-possa\/\"><img loading=\"lazy\" decoding=\"async\" width=\"150\" height=\"150\" src=\"https:\/\/www.visitcinqueterre.eu\/wp-content\/uploads\/2020\/07\/IMG_2994-150x150.jpg\" class=\"jet-smart-listing__post-thumbnail-img post-thumbnail-img-simple wp-post-image\" alt=\"D\u00e9gustation de vins et visite du vignoble de Riomaggiore\" srcset=\"https:\/\/www.visitcinqueterre.eu\/wp-content\/uploads\/2020\/07\/IMG_2994-150x150.jpg 150w, https:\/\/www.visitcinqueterre.eu\/wp-content\/uploads\/2020\/07\/IMG_2994-500x500.jpg 500w\" sizes=\"(max-width: 150px) 100vw, 150px\" \/><\/a><\/div>\t\t\t\t\t<div class=\"jet-smart-listing__post-content\"><div class=\"jet-smart-listing__post-title post-title-simple\"><a href=\"https:\/\/www.visitcinqueterre.eu\/fr\/2020\/07\/14\/degustazione-vini-visita-vigneto-riomaggiore-possa\/\">D\u00e9gustation de vins et visite du vignoble de Riomaggiore<\/a><\/div><div class=\"jet-smart-listing__post-excerpt post-excerpt-simple\">Les Cinque Terre sont aussi leurs vignes et leur vin et dans chaque village il...<\/div><div class=\"jet-smart-listing__more-wrap\"><a href=\"https:\/\/www.visitcinqueterre.eu\/fr\/2020\/07\/14\/degustazione-vini-visita-vigneto-riomaggiore-possa\/\" class=\"jet-smart-listing__more simple-more elementor-button elementor-size-md\"><span class=\"jet-smart-listing__more-text\">LEGGI &gt;&gt;<\/span><\/a><\/div><\/div>\n\t\t\t\t<\/div>\n\t\t\t<\/div>\n\t\t\t<\/div>\n<\/div>\n\t<\/div>\n<div class=\"jet-smart-listing-loading\"><\/div><\/div>\t\t\t\t<\/div>\n\t\t\t\t<\/div>\n\t\t\t\t\t<\/div>\n\t\t<\/div>\n\t\t\t\t\t<\/div>\n\t\t<\/section>\n\t\t\t\t<\/div>\n\t\t","protected":false},"excerpt":{"rendered":"<p>Vivre \u00c9v\u00e9nements, traditions, histoire et culture &#8230; c&rsquo;est ce qui nous distingue et parle de nous. Voici comment nous conna\u00eetre et rentrer chez toi avec un peu de l&rsquo;\u00e2me des Cinque Terre. Exp\u00e9riencesRandonn\u00e9 et autres activit\u00e9s de plein airVignobles, vin et plats typiquesVillages, histoire et culture locale Yoga et m\u00e9ditation aux Cinque TerreYoga et m\u00e9ditation [&hellip;]<\/p>\n","protected":false},"author":4,"featured_media":0,"parent":0,"menu_order":0,"comment_status":"closed","ping_status":"closed","template":"elementor_header_footer","meta":{"_acf_changed":false,"footnotes":""},"class_list":["post-2777","page","type-page","status-publish","hentry"],"acf":[],"yoast_head":"<!-- This site is optimized with the Yoast SEO plugin v26.6 - https:\/\/yoast.com\/wordpress\/plugins\/seo\/ -->\n<title>Vivre - Visit Cinque Terre<\/title>\n<meta name=\"robots\" content=\"index, follow, max-snippet:-1, max-image-preview:large, max-video-preview:-1\" \/>\n<link rel=\"canonical\" href=\"https:\/\/www.visitcinqueterre.eu\/fr\/vivre\/\" \/>\n<meta property=\"og:locale\" content=\"fr_FR\" \/>\n<meta property=\"og:type\" content=\"article\" \/>\n<meta property=\"og:title\" content=\"Vivre - Visit Cinque Terre\" \/>\n<meta property=\"og:description\" content=\"Vivre \u00c9v\u00e9nements, traditions, histoire et culture &#8230; c&rsquo;est ce qui nous distingue et parle de nous. Voici comment nous conna\u00eetre et rentrer chez toi avec un peu de l&rsquo;\u00e2me des Cinque Terre. Exp\u00e9riencesRandonn\u00e9 et autres activit\u00e9s de plein airVignobles, vin et plats typiquesVillages, histoire et culture locale Yoga et m\u00e9ditation aux Cinque TerreYoga et m\u00e9ditation [&hellip;]\" \/>\n<meta property=\"og:url\" content=\"https:\/\/www.visitcinqueterre.eu\/fr\/vivre\/\" \/>\n<meta property=\"og:site_name\" content=\"Visit Cinque Terre\" \/>\n<meta property=\"article:modified_time\" content=\"2020-07-16T09:04:33+00:00\" \/>\n<meta property=\"og:image\" content=\"https:\/\/www.visitcinqueterre.eu\/wp-content\/uploads\/2020\/07\/coast-1834827_1280-150x150.jpg\" \/>\n<meta name=\"twitter:card\" content=\"summary_large_image\" \/>\n<meta name=\"twitter:label1\" content=\"Dur\u00e9e de lecture estim\u00e9e\" \/>\n\t<meta name=\"twitter:data1\" content=\"1 minute\" \/>\n<script type=\"application\/ld+json\" class=\"yoast-schema-graph\">{\"@context\":\"https:\/\/schema.org\",\"@graph\":[{\"@type\":\"WebPage\",\"@id\":\"https:\/\/www.visitcinqueterre.eu\/fr\/vivre\/\",\"url\":\"https:\/\/www.visitcinqueterre.eu\/fr\/vivre\/\",\"name\":\"Vivre - Visit Cinque Terre\",\"isPartOf\":{\"@id\":\"https:\/\/www.visitcinqueterre.eu\/fr\/#website\"},\"primaryImageOfPage\":{\"@id\":\"https:\/\/www.visitcinqueterre.eu\/fr\/vivre\/#primaryimage\"},\"image\":{\"@id\":\"https:\/\/www.visitcinqueterre.eu\/fr\/vivre\/#primaryimage\"},\"thumbnailUrl\":\"https:\/\/www.visitcinqueterre.eu\/wp-content\/uploads\/2020\/07\/coast-1834827_1280-150x150.jpg\",\"datePublished\":\"2020-06-13T14:05:33+00:00\",\"dateModified\":\"2020-07-16T09:04:33+00:00\",\"breadcrumb\":{\"@id\":\"https:\/\/www.visitcinqueterre.eu\/fr\/vivre\/#breadcrumb\"},\"inLanguage\":\"fr-FR\",\"potentialAction\":[{\"@type\":\"ReadAction\",\"target\":[\"https:\/\/www.visitcinqueterre.eu\/fr\/vivre\/\"]}]},{\"@type\":\"ImageObject\",\"inLanguage\":\"fr-FR\",\"@id\":\"https:\/\/www.visitcinqueterre.eu\/fr\/vivre\/#primaryimage\",\"url\":\"https:\/\/www.visitcinqueterre.eu\/wp-content\/uploads\/2020\/07\/coast-1834827_1280-150x150.jpg\",\"contentUrl\":\"https:\/\/www.visitcinqueterre.eu\/wp-content\/uploads\/2020\/07\/coast-1834827_1280-150x150.jpg\"},{\"@type\":\"BreadcrumbList\",\"@id\":\"https:\/\/www.visitcinqueterre.eu\/fr\/vivre\/#breadcrumb\",\"itemListElement\":[{\"@type\":\"ListItem\",\"position\":1,\"name\":\"Home\",\"item\":\"https:\/\/www.visitcinqueterre.eu\/fr\/\"},{\"@type\":\"ListItem\",\"position\":2,\"name\":\"Vivre\"}]},{\"@type\":\"WebSite\",\"@id\":\"https:\/\/www.visitcinqueterre.eu\/fr\/#website\",\"url\":\"https:\/\/www.visitcinqueterre.eu\/fr\/\",\"name\":\"Visit Cinque Terre\",\"description\":\"Portale turistico delle Cinque Terre\",\"potentialAction\":[{\"@type\":\"SearchAction\",\"target\":{\"@type\":\"EntryPoint\",\"urlTemplate\":\"https:\/\/www.visitcinqueterre.eu\/fr\/?s={search_term_string}\"},\"query-input\":{\"@type\":\"PropertyValueSpecification\",\"valueRequired\":true,\"valueName\":\"search_term_string\"}}],\"inLanguage\":\"fr-FR\"}]}<\/script>\n<!-- \/ Yoast SEO plugin. -->","yoast_head_json":{"title":"Vivre - Visit Cinque Terre","robots":{"index":"index","follow":"follow","max-snippet":"max-snippet:-1","max-image-preview":"max-image-preview:large","max-video-preview":"max-video-preview:-1"},"canonical":"https:\/\/www.visitcinqueterre.eu\/fr\/vivre\/","og_locale":"fr_FR","og_type":"article","og_title":"Vivre - Visit Cinque Terre","og_description":"Vivre \u00c9v\u00e9nements, traditions, histoire et culture &#8230; c&rsquo;est ce qui nous distingue et parle de nous. Voici comment nous conna\u00eetre et rentrer chez toi avec un peu de l&rsquo;\u00e2me des Cinque Terre. Exp\u00e9riencesRandonn\u00e9 et autres activit\u00e9s de plein airVignobles, vin et plats typiquesVillages, histoire et culture locale Yoga et m\u00e9ditation aux Cinque TerreYoga et m\u00e9ditation [&hellip;]","og_url":"https:\/\/www.visitcinqueterre.eu\/fr\/vivre\/","og_site_name":"Visit Cinque Terre","article_modified_time":"2020-07-16T09:04:33+00:00","og_image":[{"url":"https:\/\/www.visitcinqueterre.eu\/wp-content\/uploads\/2020\/07\/coast-1834827_1280-150x150.jpg","type":"","width":"","height":""}],"twitter_card":"summary_large_image","twitter_misc":{"Dur\u00e9e de lecture estim\u00e9e":"1 minute"},"schema":{"@context":"https:\/\/schema.org","@graph":[{"@type":"WebPage","@id":"https:\/\/www.visitcinqueterre.eu\/fr\/vivre\/","url":"https:\/\/www.visitcinqueterre.eu\/fr\/vivre\/","name":"Vivre - Visit Cinque Terre","isPartOf":{"@id":"https:\/\/www.visitcinqueterre.eu\/fr\/#website"},"primaryImageOfPage":{"@id":"https:\/\/www.visitcinqueterre.eu\/fr\/vivre\/#primaryimage"},"image":{"@id":"https:\/\/www.visitcinqueterre.eu\/fr\/vivre\/#primaryimage"},"thumbnailUrl":"https:\/\/www.visitcinqueterre.eu\/wp-content\/uploads\/2020\/07\/coast-1834827_1280-150x150.jpg","datePublished":"2020-06-13T14:05:33+00:00","dateModified":"2020-07-16T09:04:33+00:00","breadcrumb":{"@id":"https:\/\/www.visitcinqueterre.eu\/fr\/vivre\/#breadcrumb"},"inLanguage":"fr-FR","potentialAction":[{"@type":"ReadAction","target":["https:\/\/www.visitcinqueterre.eu\/fr\/vivre\/"]}]},{"@type":"ImageObject","inLanguage":"fr-FR","@id":"https:\/\/www.visitcinqueterre.eu\/fr\/vivre\/#primaryimage","url":"https:\/\/www.visitcinqueterre.eu\/wp-content\/uploads\/2020\/07\/coast-1834827_1280-150x150.jpg","contentUrl":"https:\/\/www.visitcinqueterre.eu\/wp-content\/uploads\/2020\/07\/coast-1834827_1280-150x150.jpg"},{"@type":"BreadcrumbList","@id":"https:\/\/www.visitcinqueterre.eu\/fr\/vivre\/#breadcrumb","itemListElement":[{"@type":"ListItem","position":1,"name":"Home","item":"https:\/\/www.visitcinqueterre.eu\/fr\/"},{"@type":"ListItem","position":2,"name":"Vivre"}]},{"@type":"WebSite","@id":"https:\/\/www.visitcinqueterre.eu\/fr\/#website","url":"https:\/\/www.visitcinqueterre.eu\/fr\/","name":"Visit Cinque Terre","description":"Portale turistico delle Cinque Terre","potentialAction":[{"@type":"SearchAction","target":{"@type":"EntryPoint","urlTemplate":"https:\/\/www.visitcinqueterre.eu\/fr\/?s={search_term_string}"},"query-input":{"@type":"PropertyValueSpecification","valueRequired":true,"valueName":"search_term_string"}}],"inLanguage":"fr-FR"}]}},"_links":{"self":[{"href":"https:\/\/www.visitcinqueterre.eu\/fr\/wp-json\/wp\/v2\/pages\/2777","targetHints":{"allow":["GET"]}}],"collection":[{"href":"https:\/\/www.visitcinqueterre.eu\/fr\/wp-json\/wp\/v2\/pages"}],"about":[{"href":"https:\/\/www.visitcinqueterre.eu\/fr\/wp-json\/wp\/v2\/types\/page"}],"author":[{"embeddable":true,"href":"https:\/\/www.visitcinqueterre.eu\/fr\/wp-json\/wp\/v2\/users\/4"}],"replies":[{"embeddable":true,"href":"https:\/\/www.visitcinqueterre.eu\/fr\/wp-json\/wp\/v2\/comments?post=2777"}],"version-history":[{"count":9,"href":"https:\/\/www.visitcinqueterre.eu\/fr\/wp-json\/wp\/v2\/pages\/2777\/revisions"}],"predecessor-version":[{"id":4031,"href":"https:\/\/www.visitcinqueterre.eu\/fr\/wp-json\/wp\/v2\/pages\/2777\/revisions\/4031"}],"wp:attachment":[{"href":"https:\/\/www.visitcinqueterre.eu\/fr\/wp-json\/wp\/v2\/media?parent=2777"}],"curies":[{"name":"wp","href":"https:\/\/api.w.org\/{rel}","templated":true}]}}