{"id":3281,"date":"2020-06-17T21:34:04","date_gmt":"2020-06-17T19:34:04","guid":{"rendered":"https:\/\/www.visitcinqueterre.eu\/?page_id=3281"},"modified":"2020-06-21T20:21:48","modified_gmt":"2020-06-21T18:21:48","slug":"covid-19","status":"publish","type":"page","link":"https:\/\/www.visitcinqueterre.eu\/fr\/informations-utiles\/covid-19\/","title":{"rendered":"Covid-19"},"content":{"rendered":"\t\t<div data-elementor-type=\"wp-page\" data-elementor-id=\"3281\" class=\"elementor elementor-3281 elementor-3277\" data-elementor-post-type=\"page\">\n\t\t\t\t\t\t<section class=\"elementor-section elementor-top-section elementor-element elementor-element-acdac41 elementor-section-boxed elementor-section-height-default elementor-section-height-default\" data-id=\"acdac41\" data-element_type=\"section\" data-settings=\"{&quot;jet_parallax_layout_list&quot;:[{&quot;jet_parallax_layout_image&quot;:{&quot;url&quot;:&quot;&quot;,&quot;id&quot;:&quot;&quot;,&quot;size&quot;:&quot;&quot;},&quot;_id&quot;:&quot;d373d61&quot;,&quot;jet_parallax_layout_image_tablet&quot;:{&quot;url&quot;:&quot;&quot;,&quot;id&quot;:&quot;&quot;,&quot;size&quot;:&quot;&quot;},&quot;jet_parallax_layout_image_mobile&quot;:{&quot;url&quot;:&quot;&quot;,&quot;id&quot;:&quot;&quot;,&quot;size&quot;:&quot;&quot;},&quot;jet_parallax_layout_speed&quot;:{&quot;unit&quot;:&quot;%&quot;,&quot;size&quot;:50,&quot;sizes&quot;:[]},&quot;jet_parallax_layout_type&quot;:&quot;scroll&quot;,&quot;jet_parallax_layout_direction&quot;:&quot;1&quot;,&quot;jet_parallax_layout_fx_direction&quot;:null,&quot;jet_parallax_layout_z_index&quot;:&quot;&quot;,&quot;jet_parallax_layout_bg_x&quot;:50,&quot;jet_parallax_layout_bg_y&quot;:50,&quot;jet_parallax_layout_bg_size&quot;:&quot;auto&quot;,&quot;jet_parallax_layout_animation_prop&quot;:&quot;transform&quot;,&quot;jet_parallax_layout_on&quot;:[&quot;desktop&quot;,&quot;tablet&quot;],&quot;jet_parallax_layout_bg_x_tablet&quot;:&quot;&quot;,&quot;jet_parallax_layout_bg_x_mobile&quot;:&quot;&quot;,&quot;jet_parallax_layout_bg_y_tablet&quot;:&quot;&quot;,&quot;jet_parallax_layout_bg_y_mobile&quot;:&quot;&quot;,&quot;jet_parallax_layout_bg_size_tablet&quot;:&quot;&quot;,&quot;jet_parallax_layout_bg_size_mobile&quot;:&quot;&quot;}]}\">\n\t\t\t\t\t\t<div class=\"elementor-container elementor-column-gap-default\">\n\t\t\t\t\t<div class=\"elementor-column elementor-col-16 elementor-top-column elementor-element elementor-element-35560e9\" data-id=\"35560e9\" data-element_type=\"column\">\n\t\t\t<div class=\"elementor-widget-wrap\">\n\t\t\t\t\t\t\t<\/div>\n\t\t<\/div>\n\t\t\t\t<div class=\"elementor-column elementor-col-66 elementor-top-column elementor-element elementor-element-8aa072d\" data-id=\"8aa072d\" data-element_type=\"column\">\n\t\t\t<div class=\"elementor-widget-wrap elementor-element-populated\">\n\t\t\t\t\t\t<div class=\"elementor-element elementor-element-6cccfe2b elementor-widget elementor-widget-text-editor\" data-id=\"6cccfe2b\" data-element_type=\"widget\" data-widget_type=\"text-editor.default\">\n\t\t\t\t<div class=\"elementor-widget-container\">\n\t\t\t\t\t\t\t\t\t<p><\/p>\n<p>Une page temporaire pour vous informer de la situation locale concernant Covid-19.<\/p>\n<p><\/p>\n<p><\/p>\n<h2 class=\"wp-block-heading\">La vie quotidienne aux Cinque Terre<\/h2>\n<p><\/p>\n<p><\/p>\n<p>Les Cinque Terre ont entrepris la phase 2 en adoptant toutes les mesures n\u00e9cessaires et indiqu\u00e9es : distanciation sociale et utilisation des \u00e9quipements de protection individuelle dans tous les environnements impliquant la pr\u00e9sence de plusieurs personnes, des moyens de transport aux \u00e9tablissements commerciaux en passant par les structures sanitaires et socio-sanitaires.<\/p>\n<p><\/p>\n<p><\/p>\n<p>Comme ailleurs, dans les lieux publics ou \u00e0 l&rsquo;int\u00e9rieur, la distance interpersonnelle doit \u00eatre d&rsquo;au moins un m\u00e8tre, il faut porter un masque et recourir \u00e0 une hygi\u00e8ne des mains fr\u00e9quente et en tout cas toujours en entrant dans des activit\u00e9s commerciales et des lieux publics.<\/p>\n<p><\/p>\n<p><\/p>\n<h2 class=\"wp-block-heading\">Le transport publique<\/h2>\n<p><\/p>\n<p><\/p>\n<p>Les transports en commun &#8211; <a href=\"https:\/\/www.visitcinqueterre.eu\/arriver\/se-rendre-aux-cinque-terre-en-train\/?lang=fr\" target=\"_blank\" rel=\"noopener noreferrer\">trains<\/a> et <a href=\"https:\/\/www.atcesercizio.it\/index.php\/it\/variazioni-al-servizio\/1254-nuovi-orari-per-le-cinque-terre\" target=\"_blank\" rel=\"noreferrer noopener\">bus<\/a> &#8211; sont en service et appliquent toutes les r\u00e8gles relatives \u00e0 l&rsquo;\u00e9loignement social et \u00e0 l&rsquo;assainissement.<\/p>\n<p><\/p>\n<p><\/p>\n<h2 class=\"wp-block-heading\">Les plages<\/h2>\n<p><\/p>\n<p><\/p>\n<p>Les plages sont ouvertes et accessibles.<\/p>\n<p><\/p>\n<p><\/p>\n<p>Au moins pour le mois de juin, il ne sera pas n\u00e9cessaire de r\u00e9server une place \u00e0 l&rsquo;avance, mais vous devrez bien s\u00fbr vous conformer \u00e0 la l\u00e9gislation sur la distance sociale.<br \/>Tous les samedis et dimanches les deux ports de plaisance de Riomaggiore et Manarola seront supervis\u00e9s, de 8h \u00e0 19h et, toujours le week-end, l&rsquo;application <a href=\"https:\/\/spiaggiati.ml\/onboarding\" target=\"_blank\" rel=\"noreferrer noopener\">SpiaggiaTi<\/a>\u00a0sera\u00a0op\u00e9rationnelle, ce qui vous permet de visualiser en temps r\u00e9el le nombre de places disponibles.<\/p>\n<p>A <strong>Monterosso<\/strong>, en plus des \u00e9tablissements baln\u00e9aires priv\u00e9s, les plages gratuites sont \u00e9galement accessibles, via le syst\u00e8me de r\u00e9servation actif sur le site de la <a href=\"http:\/\/spiaggeliberemonterosso.com\/\" target=\"_blank\" rel=\"noopener\">Pro Loco<\/a>. Toujours sur leur site, vous trouverez des informations compl\u00e9mentaires utiles et des mises \u00e0 jour.<\/p>\n<p>\u00c0 <strong>Vernazza<\/strong> et <strong>Corniglia<\/strong>, il n\u2019existe actuellement aucune r\u00e9glementation sp\u00e9ciale \u00e0 cet \u00e9gard.<\/p>\n<p><\/p>\n<p><\/p>\n<h2 class=\"wp-block-heading\">Randonn\u00e9e et autres exp\u00e9riences<\/h2>\n<p><\/p>\n<p><\/p>\n<p>Les chemins sont accessibles et dans ce cas \u00e9galement les r\u00e8gles g\u00e9n\u00e9rales pr\u00e9vues pour cette phase doivent \u00eatre respect\u00e9es. La <a href=\"https:\/\/www.visitcinqueterre.eu\/2020\/06\/12\/cinque-terre-card\/?lang=fr\" target=\"_blank\" rel=\"noopener noreferrer\">Cinque Terre Card<\/a> a \u00e9t\u00e9 r\u00e9activ\u00e9e le 13 juin et le Parc a recommenc\u00e9 \u00e0 organiser des excursions guid\u00e9es, qui n\u00e9cessitent d&rsquo;une r\u00e9servation obligatoire par\u00a0<a href=\"visiteguidate@ati5terre.it\" target=\"_blank\" rel=\"noreferrer noopener\">e-mail<\/a>.<\/p>\n<p><\/p>\n<p><\/p>\n<p>Toutes ces activit\u00e9s visant \u00e0 vous offrir des exp\u00e9riences authentiques li\u00e9es \u00e0 notre territoire sont \u00e9galement op\u00e9rationnelles : d\u00e9gustations, visites de vignobles, balades en bateau, etc.<\/p>\n<p><\/p>\n<p><\/p>\n<h2 class=\"wp-block-heading\">Restaurants, bars et autres activit\u00e9s<\/h2>\n<p><\/p>\n<p><\/p>\n<p>Les activit\u00e9s commerciales sont ouvertes, \u00e9videmment dans le respect de la r\u00e9glementation en vigueur, que nous vous invitons \u00e0 respecter afin de garantir la meilleure des exp\u00e9riences \u00e0 tous les clients de ces services et \u00e0 ceux qui y travaillent.<\/p>\n<p><\/p>\n<p><\/p>\n<p>Le choix est large dans chaque village et en restant un peu plus longtemps vous pourrez en profiter pleinement et approfondir par exemple la connaissance des sp\u00e9cialit\u00e9s et des traditions culinaires locales. Cela en vaut vraiment la peine.<\/p>\n<p><\/p>\n<p><\/p>\n<p><\/p>\t\t\t\t\t\t\t\t<\/div>\n\t\t\t\t<\/div>\n\t\t\t\t\t<\/div>\n\t\t<\/div>\n\t\t\t\t<div class=\"elementor-column elementor-col-16 elementor-top-column elementor-element elementor-element-ed1132a\" data-id=\"ed1132a\" data-element_type=\"column\">\n\t\t\t<div class=\"elementor-widget-wrap\">\n\t\t\t\t\t\t\t<\/div>\n\t\t<\/div>\n\t\t\t\t\t<\/div>\n\t\t<\/section>\n\t\t\t\t<\/div>\n\t\t","protected":false},"excerpt":{"rendered":"<p>Une page temporaire pour vous informer de la situation locale concernant Covid-19. La vie quotidienne aux Cinque Terre Les Cinque Terre ont entrepris la phase 2 en adoptant toutes les mesures n\u00e9cessaires et indiqu\u00e9es : distanciation sociale et utilisation des \u00e9quipements de protection individuelle dans tous les environnements impliquant la pr\u00e9sence de plusieurs personnes, des [&hellip;]<\/p>\n","protected":false},"author":2,"featured_media":0,"parent":2682,"menu_order":0,"comment_status":"closed","ping_status":"closed","template":"","meta":{"_acf_changed":false,"footnotes":""},"class_list":["post-3281","page","type-page","status-publish","hentry"],"acf":[],"yoast_head":"<!-- This site is optimized with the Yoast SEO plugin v26.6 - https:\/\/yoast.com\/wordpress\/plugins\/seo\/ -->\n<title>Covid-19, phase 2 aux Cinque Terre : vie quotidienne et informations utiles<\/title>\n<meta name=\"description\" content=\"Covid-19, phase 2 dans les Cinque Terre : vie quotidienne et informations utiles concernant les plages, la randonn\u00e9e, les activit\u00e9s touristiques et commerciales.\" \/>\n<meta name=\"robots\" content=\"index, follow, max-snippet:-1, max-image-preview:large, max-video-preview:-1\" \/>\n<link rel=\"canonical\" href=\"https:\/\/www.visitcinqueterre.eu\/fr\/informations-utiles\/covid-19\/\" \/>\n<meta property=\"og:locale\" content=\"fr_FR\" \/>\n<meta property=\"og:type\" content=\"article\" \/>\n<meta property=\"og:title\" content=\"Covid-19, phase 2 aux Cinque Terre\" \/>\n<meta property=\"og:description\" content=\"Covid-19, phase 2 dans les Cinque Terre : vie quotidienne et informations utiles concernant les plages, la randonn\u00e9e, les activit\u00e9s touristiques et commerciales.\" \/>\n<meta property=\"og:url\" content=\"https:\/\/www.visitcinqueterre.eu\/fr\/informations-utiles\/covid-19\/\" \/>\n<meta property=\"og:site_name\" content=\"Visit Cinque Terre\" \/>\n<meta property=\"article:modified_time\" content=\"2020-06-21T18:21:48+00:00\" \/>\n<meta property=\"og:image\" content=\"https:\/\/www.visitcinqueterre.eu\/wp-content\/uploads\/2020\/06\/covid-19.png\" \/>\n<meta name=\"twitter:card\" content=\"summary_large_image\" \/>\n<meta name=\"twitter:title\" content=\"Covid-19, phase 2 aux Cinque Terre\" \/>\n<meta name=\"twitter:description\" content=\"Covid-19, phase 2 dans les Cinque Terre : vie quotidienne et informations utiles concernant les plages, la randonn\u00e9e, les activit\u00e9s touristiques et commerciales.\" \/>\n<meta name=\"twitter:image\" content=\"https:\/\/www.visitcinqueterre.eu\/wp-content\/uploads\/2020\/06\/covid-19.png\" \/>\n<meta name=\"twitter:label1\" content=\"Dur\u00e9e de lecture estim\u00e9e\" \/>\n\t<meta name=\"twitter:data1\" content=\"2 minutes\" \/>\n<script type=\"application\/ld+json\" class=\"yoast-schema-graph\">{\"@context\":\"https:\/\/schema.org\",\"@graph\":[{\"@type\":\"WebPage\",\"@id\":\"https:\/\/www.visitcinqueterre.eu\/fr\/informations-utiles\/covid-19\/\",\"url\":\"https:\/\/www.visitcinqueterre.eu\/fr\/informations-utiles\/covid-19\/\",\"name\":\"Covid-19, phase 2 aux Cinque Terre : vie quotidienne et informations utiles\",\"isPartOf\":{\"@id\":\"https:\/\/www.visitcinqueterre.eu\/fr\/#website\"},\"datePublished\":\"2020-06-17T19:34:04+00:00\",\"dateModified\":\"2020-06-21T18:21:48+00:00\",\"description\":\"Covid-19, phase 2 dans les Cinque Terre : vie quotidienne et informations utiles concernant les plages, la randonn\u00e9e, les activit\u00e9s touristiques et commerciales.\",\"breadcrumb\":{\"@id\":\"https:\/\/www.visitcinqueterre.eu\/fr\/informations-utiles\/covid-19\/#breadcrumb\"},\"inLanguage\":\"fr-FR\",\"potentialAction\":[{\"@type\":\"ReadAction\",\"target\":[\"https:\/\/www.visitcinqueterre.eu\/fr\/informations-utiles\/covid-19\/\"]}]},{\"@type\":\"BreadcrumbList\",\"@id\":\"https:\/\/www.visitcinqueterre.eu\/fr\/informations-utiles\/covid-19\/#breadcrumb\",\"itemListElement\":[{\"@type\":\"ListItem\",\"position\":1,\"name\":\"Home\",\"item\":\"https:\/\/www.visitcinqueterre.eu\/fr\/\"},{\"@type\":\"ListItem\",\"position\":2,\"name\":\"Informations utiles\",\"item\":\"https:\/\/www.visitcinqueterre.eu\/fr\/informations-utiles\/\"},{\"@type\":\"ListItem\",\"position\":3,\"name\":\"Covid-19\"}]},{\"@type\":\"WebSite\",\"@id\":\"https:\/\/www.visitcinqueterre.eu\/fr\/#website\",\"url\":\"https:\/\/www.visitcinqueterre.eu\/fr\/\",\"name\":\"Visit Cinque Terre\",\"description\":\"Portale turistico delle Cinque Terre\",\"potentialAction\":[{\"@type\":\"SearchAction\",\"target\":{\"@type\":\"EntryPoint\",\"urlTemplate\":\"https:\/\/www.visitcinqueterre.eu\/fr\/?s={search_term_string}\"},\"query-input\":{\"@type\":\"PropertyValueSpecification\",\"valueRequired\":true,\"valueName\":\"search_term_string\"}}],\"inLanguage\":\"fr-FR\"}]}<\/script>\n<!-- \/ Yoast SEO plugin. -->","yoast_head_json":{"title":"Covid-19, phase 2 aux Cinque Terre : vie quotidienne et informations utiles","description":"Covid-19, phase 2 dans les Cinque Terre : vie quotidienne et informations utiles concernant les plages, la randonn\u00e9e, les activit\u00e9s touristiques et commerciales.","robots":{"index":"index","follow":"follow","max-snippet":"max-snippet:-1","max-image-preview":"max-image-preview:large","max-video-preview":"max-video-preview:-1"},"canonical":"https:\/\/www.visitcinqueterre.eu\/fr\/informations-utiles\/covid-19\/","og_locale":"fr_FR","og_type":"article","og_title":"Covid-19, phase 2 aux Cinque Terre","og_description":"Covid-19, phase 2 dans les Cinque Terre : vie quotidienne et informations utiles concernant les plages, la randonn\u00e9e, les activit\u00e9s touristiques et commerciales.","og_url":"https:\/\/www.visitcinqueterre.eu\/fr\/informations-utiles\/covid-19\/","og_site_name":"Visit Cinque Terre","article_modified_time":"2020-06-21T18:21:48+00:00","og_image":[{"url":"https:\/\/www.visitcinqueterre.eu\/wp-content\/uploads\/2020\/06\/covid-19.png","type":"","width":"","height":""}],"twitter_card":"summary_large_image","twitter_title":"Covid-19, phase 2 aux Cinque Terre","twitter_description":"Covid-19, phase 2 dans les Cinque Terre : vie quotidienne et informations utiles concernant les plages, la randonn\u00e9e, les activit\u00e9s touristiques et commerciales.","twitter_image":"https:\/\/www.visitcinqueterre.eu\/wp-content\/uploads\/2020\/06\/covid-19.png","twitter_misc":{"Dur\u00e9e de lecture estim\u00e9e":"2 minutes"},"schema":{"@context":"https:\/\/schema.org","@graph":[{"@type":"WebPage","@id":"https:\/\/www.visitcinqueterre.eu\/fr\/informations-utiles\/covid-19\/","url":"https:\/\/www.visitcinqueterre.eu\/fr\/informations-utiles\/covid-19\/","name":"Covid-19, phase 2 aux Cinque Terre : vie quotidienne et informations utiles","isPartOf":{"@id":"https:\/\/www.visitcinqueterre.eu\/fr\/#website"},"datePublished":"2020-06-17T19:34:04+00:00","dateModified":"2020-06-21T18:21:48+00:00","description":"Covid-19, phase 2 dans les Cinque Terre : vie quotidienne et informations utiles concernant les plages, la randonn\u00e9e, les activit\u00e9s touristiques et commerciales.","breadcrumb":{"@id":"https:\/\/www.visitcinqueterre.eu\/fr\/informations-utiles\/covid-19\/#breadcrumb"},"inLanguage":"fr-FR","potentialAction":[{"@type":"ReadAction","target":["https:\/\/www.visitcinqueterre.eu\/fr\/informations-utiles\/covid-19\/"]}]},{"@type":"BreadcrumbList","@id":"https:\/\/www.visitcinqueterre.eu\/fr\/informations-utiles\/covid-19\/#breadcrumb","itemListElement":[{"@type":"ListItem","position":1,"name":"Home","item":"https:\/\/www.visitcinqueterre.eu\/fr\/"},{"@type":"ListItem","position":2,"name":"Informations utiles","item":"https:\/\/www.visitcinqueterre.eu\/fr\/informations-utiles\/"},{"@type":"ListItem","position":3,"name":"Covid-19"}]},{"@type":"WebSite","@id":"https:\/\/www.visitcinqueterre.eu\/fr\/#website","url":"https:\/\/www.visitcinqueterre.eu\/fr\/","name":"Visit Cinque Terre","description":"Portale turistico delle Cinque Terre","potentialAction":[{"@type":"SearchAction","target":{"@type":"EntryPoint","urlTemplate":"https:\/\/www.visitcinqueterre.eu\/fr\/?s={search_term_string}"},"query-input":{"@type":"PropertyValueSpecification","valueRequired":true,"valueName":"search_term_string"}}],"inLanguage":"fr-FR"}]}},"_links":{"self":[{"href":"https:\/\/www.visitcinqueterre.eu\/fr\/wp-json\/wp\/v2\/pages\/3281","targetHints":{"allow":["GET"]}}],"collection":[{"href":"https:\/\/www.visitcinqueterre.eu\/fr\/wp-json\/wp\/v2\/pages"}],"about":[{"href":"https:\/\/www.visitcinqueterre.eu\/fr\/wp-json\/wp\/v2\/types\/page"}],"author":[{"embeddable":true,"href":"https:\/\/www.visitcinqueterre.eu\/fr\/wp-json\/wp\/v2\/users\/2"}],"replies":[{"embeddable":true,"href":"https:\/\/www.visitcinqueterre.eu\/fr\/wp-json\/wp\/v2\/comments?post=3281"}],"version-history":[{"count":10,"href":"https:\/\/www.visitcinqueterre.eu\/fr\/wp-json\/wp\/v2\/pages\/3281\/revisions"}],"predecessor-version":[{"id":3515,"href":"https:\/\/www.visitcinqueterre.eu\/fr\/wp-json\/wp\/v2\/pages\/3281\/revisions\/3515"}],"up":[{"embeddable":true,"href":"https:\/\/www.visitcinqueterre.eu\/fr\/wp-json\/wp\/v2\/pages\/2682"}],"wp:attachment":[{"href":"https:\/\/www.visitcinqueterre.eu\/fr\/wp-json\/wp\/v2\/media?parent=3281"}],"curies":[{"name":"wp","href":"https:\/\/api.w.org\/{rel}","templated":true}]}}